{"id":17,"date":"2020-04-28T14:41:36","date_gmt":"2020-04-28T12:41:36","guid":{"rendered":"http:\/\/51.75.196.19\/plesk-site-preview\/moulindesaintverand.fr\/51.75.196.19\/?page_id=17"},"modified":"2026-04-22T17:52:47","modified_gmt":"2026-04-22T15:52:47","slug":"le-restaurant","status":"publish","type":"page","link":"https:\/\/moulindesaintverand.fr\/en\/le-restaurant\/","title":{"rendered":"The restaurant"},"content":{"rendered":"<figure class=\"wp-block-gallery has-nested-images columns-default is-cropped wp-block-gallery-1 is-layout-flex wp-block-gallery-is-layout-flex\">\n<figure class=\"wp-block-image size-large\"><img loading=\"lazy\" decoding=\"async\" width=\"1024\" height=\"1020\" data-id=\"1390\" src=\"https:\/\/moulindesaintverand.fr\/wp-content\/uploads\/2022\/03\/Moulin-saint-verand_20220214_1856270-edited-e1646127867815-1024x1020.jpeg\" alt=\"\" class=\"wp-image-1390\" srcset=\"https:\/\/moulindesaintverand.fr\/wp-content\/uploads\/2022\/03\/Moulin-saint-verand_20220214_1856270-edited-e1646127867815-1024x1020.jpeg 1024w, https:\/\/moulindesaintverand.fr\/wp-content\/uploads\/2022\/03\/Moulin-saint-verand_20220214_1856270-edited-e1646127867815-300x300.jpeg 300w, https:\/\/moulindesaintverand.fr\/wp-content\/uploads\/2022\/03\/Moulin-saint-verand_20220214_1856270-edited-e1646127867815-150x150.jpeg 150w, https:\/\/moulindesaintverand.fr\/wp-content\/uploads\/2022\/03\/Moulin-saint-verand_20220214_1856270-edited-e1646127867815-768x765.jpeg 768w, https:\/\/moulindesaintverand.fr\/wp-content\/uploads\/2022\/03\/Moulin-saint-verand_20220214_1856270-edited-e1646127867815-1536x1530.jpeg 1536w, https:\/\/moulindesaintverand.fr\/wp-content\/uploads\/2022\/03\/Moulin-saint-verand_20220214_1856270-edited-e1646127867815-12x12.jpeg 12w, https:\/\/moulindesaintverand.fr\/wp-content\/uploads\/2022\/03\/Moulin-saint-verand_20220214_1856270-edited-e1646127867815.jpeg 1915w\" sizes=\"auto, (max-width: 1024px) 100vw, 1024px\" \/><\/figure>\n\n\n\n<figure class=\"wp-block-image size-large\"><img loading=\"lazy\" decoding=\"async\" width=\"1024\" height=\"1020\" data-id=\"1389\" src=\"https:\/\/moulindesaintverand.fr\/wp-content\/uploads\/2022\/03\/moulin-de-saint-verand_20220214_183522-edited-1024x1020.jpeg\" alt=\"\" class=\"wp-image-1389\" srcset=\"https:\/\/moulindesaintverand.fr\/wp-content\/uploads\/2022\/03\/moulin-de-saint-verand_20220214_183522-edited-1024x1020.jpeg 1024w, https:\/\/moulindesaintverand.fr\/wp-content\/uploads\/2022\/03\/moulin-de-saint-verand_20220214_183522-edited-300x300.jpeg 300w, https:\/\/moulindesaintverand.fr\/wp-content\/uploads\/2022\/03\/moulin-de-saint-verand_20220214_183522-edited-150x150.jpeg 150w, https:\/\/moulindesaintverand.fr\/wp-content\/uploads\/2022\/03\/moulin-de-saint-verand_20220214_183522-edited-768x765.jpeg 768w, https:\/\/moulindesaintverand.fr\/wp-content\/uploads\/2022\/03\/moulin-de-saint-verand_20220214_183522-edited-1536x1530.jpeg 1536w, https:\/\/moulindesaintverand.fr\/wp-content\/uploads\/2022\/03\/moulin-de-saint-verand_20220214_183522-edited-12x12.jpeg 12w, https:\/\/moulindesaintverand.fr\/wp-content\/uploads\/2022\/03\/moulin-de-saint-verand_20220214_183522-edited.jpeg 1915w\" sizes=\"auto, (max-width: 1024px) 100vw, 1024px\" \/><\/figure>\n\n\n\n<figure class=\"wp-block-image size-large\"><img loading=\"lazy\" decoding=\"async\" width=\"1024\" height=\"1024\" data-id=\"1391\" src=\"https:\/\/moulindesaintverand.fr\/wp-content\/uploads\/2022\/03\/IMG-20200821-WA0000-edited-1024x1024.jpg\" alt=\"\" class=\"wp-image-1391\" srcset=\"https:\/\/moulindesaintverand.fr\/wp-content\/uploads\/2022\/03\/IMG-20200821-WA0000-edited-1024x1024.jpg 1024w, https:\/\/moulindesaintverand.fr\/wp-content\/uploads\/2022\/03\/IMG-20200821-WA0000-edited-300x300.jpg 300w, https:\/\/moulindesaintverand.fr\/wp-content\/uploads\/2022\/03\/IMG-20200821-WA0000-edited-150x150.jpg 150w, https:\/\/moulindesaintverand.fr\/wp-content\/uploads\/2022\/03\/IMG-20200821-WA0000-edited-768x769.jpg 768w, https:\/\/moulindesaintverand.fr\/wp-content\/uploads\/2022\/03\/IMG-20200821-WA0000-edited-12x12.jpg 12w, https:\/\/moulindesaintverand.fr\/wp-content\/uploads\/2022\/03\/IMG-20200821-WA0000-edited.jpg 1399w\" sizes=\"auto, (max-width: 1024px) 100vw, 1024px\" \/><\/figure>\n\n\n\n<figure class=\"wp-block-image size-large\"><img loading=\"lazy\" decoding=\"async\" width=\"771\" height=\"826\" data-id=\"1161\" src=\"https:\/\/moulindesaintverand.fr\/wp-content\/uploads\/2021\/10\/MSV_dessert-02288-2.jpg\" alt=\"\" class=\"wp-image-1161\" srcset=\"https:\/\/moulindesaintverand.fr\/wp-content\/uploads\/2021\/10\/MSV_dessert-02288-2.jpg 771w, https:\/\/moulindesaintverand.fr\/wp-content\/uploads\/2021\/10\/MSV_dessert-02288-2-280x300.jpg 280w, https:\/\/moulindesaintverand.fr\/wp-content\/uploads\/2021\/10\/MSV_dessert-02288-2-768x823.jpg 768w\" sizes=\"auto, (max-width: 771px) 100vw, 771px\" \/><\/figure>\n\n\n\n<figure class=\"wp-block-image size-large\"><img loading=\"lazy\" decoding=\"async\" width=\"1024\" height=\"485\" data-id=\"1377\" src=\"https:\/\/moulindesaintverand.fr\/wp-content\/uploads\/2022\/03\/moulin-de-saint-verand_20220214_185050-1024x485.jpeg\" alt=\"\" class=\"wp-image-1377\" srcset=\"https:\/\/moulindesaintverand.fr\/wp-content\/uploads\/2022\/03\/moulin-de-saint-verand_20220214_185050-1024x485.jpeg 1024w, https:\/\/moulindesaintverand.fr\/wp-content\/uploads\/2022\/03\/moulin-de-saint-verand_20220214_185050-300x142.jpeg 300w, https:\/\/moulindesaintverand.fr\/wp-content\/uploads\/2022\/03\/moulin-de-saint-verand_20220214_185050-768x363.jpeg 768w, https:\/\/moulindesaintverand.fr\/wp-content\/uploads\/2022\/03\/moulin-de-saint-verand_20220214_185050-1536x727.jpeg 1536w, https:\/\/moulindesaintverand.fr\/wp-content\/uploads\/2022\/03\/moulin-de-saint-verand_20220214_185050-2048x969.jpeg 2048w, https:\/\/moulindesaintverand.fr\/wp-content\/uploads\/2022\/03\/moulin-de-saint-verand_20220214_185050-18x9.jpeg 18w\" sizes=\"auto, (max-width: 1024px) 100vw, 1024px\" \/><\/figure>\n\n\n\n<figure class=\"wp-block-image size-large\"><img loading=\"lazy\" decoding=\"async\" width=\"742\" height=\"798\" data-id=\"1164\" src=\"https:\/\/moulindesaintverand.fr\/wp-content\/uploads\/2021\/10\/MSV_plats_christophe-1-1.jpg\" alt=\"\" class=\"wp-image-1164\" srcset=\"https:\/\/moulindesaintverand.fr\/wp-content\/uploads\/2021\/10\/MSV_plats_christophe-1-1.jpg 742w, https:\/\/moulindesaintverand.fr\/wp-content\/uploads\/2021\/10\/MSV_plats_christophe-1-1-279x300.jpg 279w\" sizes=\"auto, (max-width: 742px) 100vw, 742px\" \/><\/figure>\n\n\n\n<figure class=\"wp-block-image size-large\"><img loading=\"lazy\" decoding=\"async\" width=\"768\" height=\"1024\" data-id=\"681\" src=\"https:\/\/moulindesaintverand.fr\/wp-content\/uploads\/2020\/09\/IMG-20200821-WA0003-768x1024.jpg\" alt=\"\" class=\"wp-image-681\" srcset=\"https:\/\/moulindesaintverand.fr\/wp-content\/uploads\/2020\/09\/IMG-20200821-WA0003-768x1024.jpg 768w, https:\/\/moulindesaintverand.fr\/wp-content\/uploads\/2020\/09\/IMG-20200821-WA0003-225x300.jpg 225w, https:\/\/moulindesaintverand.fr\/wp-content\/uploads\/2020\/09\/IMG-20200821-WA0003-1152x1536.jpg 1152w, https:\/\/moulindesaintverand.fr\/wp-content\/uploads\/2020\/09\/IMG-20200821-WA0003.jpg 1180w\" sizes=\"auto, (max-width: 768px) 100vw, 768px\" \/><\/figure>\n\n\n\n<figure class=\"wp-block-image size-large\"><img loading=\"lazy\" decoding=\"async\" width=\"768\" height=\"1024\" data-id=\"672\" src=\"https:\/\/moulindesaintverand.fr\/wp-content\/uploads\/2020\/09\/IMG-20200820-WA0000-768x1024.jpg\" alt=\"\" class=\"wp-image-672\" srcset=\"https:\/\/moulindesaintverand.fr\/wp-content\/uploads\/2020\/09\/IMG-20200820-WA0000-768x1024.jpg 768w, https:\/\/moulindesaintverand.fr\/wp-content\/uploads\/2020\/09\/IMG-20200820-WA0000-225x300.jpg 225w, https:\/\/moulindesaintverand.fr\/wp-content\/uploads\/2020\/09\/IMG-20200820-WA0000-1152x1536.jpg 1152w, https:\/\/moulindesaintverand.fr\/wp-content\/uploads\/2020\/09\/IMG-20200820-WA0000.jpg 1440w\" sizes=\"auto, (max-width: 768px) 100vw, 768px\" \/><\/figure>\n\n\n\n<figure class=\"wp-block-image size-large\"><img loading=\"lazy\" decoding=\"async\" width=\"1024\" height=\"683\" data-id=\"647\" src=\"https:\/\/moulindesaintverand.fr\/wp-content\/uploads\/2020\/08\/cabillaud-pureeCarotte-BD-1024x683.jpg\" alt=\"\" class=\"wp-image-647\" srcset=\"https:\/\/moulindesaintverand.fr\/wp-content\/uploads\/2020\/08\/cabillaud-pureeCarotte-BD-1024x683.jpg 1024w, https:\/\/moulindesaintverand.fr\/wp-content\/uploads\/2020\/08\/cabillaud-pureeCarotte-BD-300x200.jpg 300w, https:\/\/moulindesaintverand.fr\/wp-content\/uploads\/2020\/08\/cabillaud-pureeCarotte-BD-768x512.jpg 768w, https:\/\/moulindesaintverand.fr\/wp-content\/uploads\/2020\/08\/cabillaud-pureeCarotte-BD-1536x1024.jpg 1536w, https:\/\/moulindesaintverand.fr\/wp-content\/uploads\/2020\/08\/cabillaud-pureeCarotte-BD-2048x1365.jpg 2048w\" sizes=\"auto, (max-width: 1024px) 100vw, 1024px\" \/><\/figure>\n\n\n\n<figure class=\"wp-block-image size-large\"><img loading=\"lazy\" decoding=\"async\" width=\"1024\" height=\"683\" data-id=\"649\" src=\"https:\/\/moulindesaintverand.fr\/wp-content\/uploads\/2020\/08\/Canard-BD-1024x683.jpg\" alt=\"\" class=\"wp-image-649\" srcset=\"https:\/\/moulindesaintverand.fr\/wp-content\/uploads\/2020\/08\/Canard-BD-1024x683.jpg 1024w, https:\/\/moulindesaintverand.fr\/wp-content\/uploads\/2020\/08\/Canard-BD-300x200.jpg 300w, https:\/\/moulindesaintverand.fr\/wp-content\/uploads\/2020\/08\/Canard-BD-768x512.jpg 768w, https:\/\/moulindesaintverand.fr\/wp-content\/uploads\/2020\/08\/Canard-BD-1536x1024.jpg 1536w, https:\/\/moulindesaintverand.fr\/wp-content\/uploads\/2020\/08\/Canard-BD-2048x1365.jpg 2048w\" sizes=\"auto, (max-width: 1024px) 100vw, 1024px\" \/><\/figure>\n<\/figure>\n\n\n\n<p>The Chef offers a friendly and family-oriented cuisine.\nDaily, he visits the market place and cooks seasonal produce, favouring local growers as much as possible.<\/p>\n\n\n\n<p>Quant \u00e0 la cave, c&rsquo;est \u00e0 deux qu&rsquo;ils l&rsquo;ont choisie, notamment chez les vignerons ind\u00e9pendants de Bourgogne et Beaujolais. Et il y a aussi de belles surprises d&rsquo;autres r\u00e9gions.<\/p>\n\n\n\n<p class=\"has-text-align-center\"><em>Le restaurant est ouvert le lundi et mardi de 19h \u00e0 21h,<\/em> <br><em>du mercredi au dimanche de 12h \u00e0 14h et de 19h \u00e0 21h <\/em><br><br><\/p>\n\n\n\n<p>Les tarifs propos\u00e9s sont valables jusqu&rsquo;au 30 septembre 2026.<\/p>\n\n\n\n<p><\/p>","protected":false},"excerpt":{"rendered":"<p>Le Chef vous propose une cuisine conviviale et familiale. Chaque jour, il fait son march\u00e9 et travaille des produits de saison. Il privil\u00e9gie autant que possible, les producteurs locaux. Quant \u00e0 la cave, c&rsquo;est \u00e0 deux qu&rsquo;ils l&rsquo;ont choisie, notamment chez les vignerons ind\u00e9pendants de Bourgogne et Beaujolais. Et il y a aussi de belles [&#8230;]<\/p>\n<p><a class=\"btn btn-secondary understrap-read-more-link\" href=\"https:\/\/moulindesaintverand.fr\/en\/le-restaurant\/\">Read More&#8230;<span class=\"screen-reader-text\"> from Le restaurant<\/span><\/a><\/p>\n","protected":false},"author":1,"featured_media":1122,"parent":0,"menu_order":17,"comment_status":"closed","ping_status":"closed","template":"","meta":{"_acf_changed":false,"footnotes":""},"tags":[],"class_list":["post-17","page","type-page","status-publish","has-post-thumbnail","hentry"],"acf":[],"yoast_head":"<!-- This site is optimized with the Yoast SEO plugin v27.3 - https:\/\/yoast.com\/product\/yoast-seo-wordpress\/ -->\n<title>Le restaurant - Moulin de Saint V\u00e9rand<\/title>\n<meta name=\"description\" content=\"H\u00f4tel*** \u00e0 mi-chemin entre Paris et Marseille, \u00e0 proximit\u00e9 de M\u00e2con, Lyon et de l&#039;A6, soir\u00e9es \u00e9tapes business pour les commerciaux au coeur du Beaujolais.\" \/>\n<meta name=\"robots\" content=\"index, follow, max-snippet:-1, max-image-preview:large, max-video-preview:-1\" \/>\n<link rel=\"canonical\" href=\"https:\/\/moulindesaintverand.fr\/en\/le-restaurant\/\" \/>\n<meta property=\"og:locale\" content=\"en_GB\" \/>\n<meta property=\"og:type\" content=\"article\" \/>\n<meta property=\"og:title\" content=\"Le restaurant - Moulin de Saint V\u00e9rand\" \/>\n<meta property=\"og:description\" content=\"H\u00f4tel*** \u00e0 mi-chemin entre Paris et Marseille, \u00e0 proximit\u00e9 de M\u00e2con, Lyon et de l&#039;A6, soir\u00e9es \u00e9tapes business pour les commerciaux au coeur du Beaujolais.\" \/>\n<meta property=\"og:url\" content=\"https:\/\/moulindesaintverand.fr\/en\/le-restaurant\/\" \/>\n<meta property=\"og:site_name\" content=\"Moulin de Saint V\u00e9rand\" \/>\n<meta property=\"article:modified_time\" content=\"2026-04-22T15:52:47+00:00\" \/>\n<meta property=\"og:image\" content=\"https:\/\/moulindesaintverand.fr\/wp-content\/uploads\/2021\/10\/MSV_salle-bandeau-02321-1-scaled-e1634548919339.jpg\" \/>\n\t<meta property=\"og:image:width\" content=\"2560\" \/>\n\t<meta property=\"og:image:height\" content=\"1318\" \/>\n\t<meta property=\"og:image:type\" content=\"image\/jpeg\" \/>\n<meta name=\"twitter:card\" content=\"summary_large_image\" \/>\n<meta name=\"twitter:label1\" content=\"Estimated reading time\" \/>\n\t<meta name=\"twitter:data1\" content=\"3 minutes\" \/>\n<script type=\"application\/ld+json\" class=\"yoast-schema-graph\">{\"@context\":\"https:\\\/\\\/schema.org\",\"@graph\":[{\"@type\":\"WebPage\",\"@id\":\"https:\\\/\\\/moulindesaintverand.fr\\\/le-restaurant\\\/\",\"url\":\"https:\\\/\\\/moulindesaintverand.fr\\\/le-restaurant\\\/\",\"name\":\"Le restaurant - Moulin de Saint V\u00e9rand\",\"isPartOf\":{\"@id\":\"https:\\\/\\\/moulindesaintverand.fr\\\/#website\"},\"primaryImageOfPage\":{\"@id\":\"https:\\\/\\\/moulindesaintverand.fr\\\/le-restaurant\\\/#primaryimage\"},\"image\":{\"@id\":\"https:\\\/\\\/moulindesaintverand.fr\\\/le-restaurant\\\/#primaryimage\"},\"thumbnailUrl\":\"https:\\\/\\\/moulindesaintverand.fr\\\/wp-content\\\/uploads\\\/2021\\\/10\\\/MSV_salle-bandeau-02321-1-scaled-e1634548919339.jpg\",\"datePublished\":\"2020-04-28T12:41:36+00:00\",\"dateModified\":\"2026-04-22T15:52:47+00:00\",\"description\":\"H\u00f4tel*** \u00e0 mi-chemin entre Paris et Marseille, \u00e0 proximit\u00e9 de M\u00e2con, Lyon et de l'A6, soir\u00e9es \u00e9tapes business pour les commerciaux au coeur du Beaujolais.\",\"breadcrumb\":{\"@id\":\"https:\\\/\\\/moulindesaintverand.fr\\\/le-restaurant\\\/#breadcrumb\"},\"inLanguage\":\"en-GB\",\"potentialAction\":[{\"@type\":\"ReadAction\",\"target\":[\"https:\\\/\\\/moulindesaintverand.fr\\\/le-restaurant\\\/\"]}]},{\"@type\":\"ImageObject\",\"inLanguage\":\"en-GB\",\"@id\":\"https:\\\/\\\/moulindesaintverand.fr\\\/le-restaurant\\\/#primaryimage\",\"url\":\"https:\\\/\\\/moulindesaintverand.fr\\\/wp-content\\\/uploads\\\/2021\\\/10\\\/MSV_salle-bandeau-02321-1-scaled-e1634548919339.jpg\",\"contentUrl\":\"https:\\\/\\\/moulindesaintverand.fr\\\/wp-content\\\/uploads\\\/2021\\\/10\\\/MSV_salle-bandeau-02321-1-scaled-e1634548919339.jpg\",\"width\":2560,\"height\":1318},{\"@type\":\"BreadcrumbList\",\"@id\":\"https:\\\/\\\/moulindesaintverand.fr\\\/le-restaurant\\\/#breadcrumb\",\"itemListElement\":[{\"@type\":\"ListItem\",\"position\":1,\"name\":\"Accueil\",\"item\":\"https:\\\/\\\/moulindesaintverand.fr\\\/\"},{\"@type\":\"ListItem\",\"position\":2,\"name\":\"Le restaurant\"}]},{\"@type\":\"WebSite\",\"@id\":\"https:\\\/\\\/moulindesaintverand.fr\\\/#website\",\"url\":\"https:\\\/\\\/moulindesaintverand.fr\\\/\",\"name\":\"Moulin de Saint V\u00e9rand\",\"description\":\"H\u00f4tel*** Restaurant - Saint-V\u00e9rand\",\"publisher\":{\"@id\":\"https:\\\/\\\/moulindesaintverand.fr\\\/#organization\"},\"potentialAction\":[{\"@type\":\"SearchAction\",\"target\":{\"@type\":\"EntryPoint\",\"urlTemplate\":\"https:\\\/\\\/moulindesaintverand.fr\\\/?s={search_term_string}\"},\"query-input\":{\"@type\":\"PropertyValueSpecification\",\"valueRequired\":true,\"valueName\":\"search_term_string\"}}],\"inLanguage\":\"en-GB\"},{\"@type\":\"Organization\",\"@id\":\"https:\\\/\\\/moulindesaintverand.fr\\\/#organization\",\"name\":\"H\u00f4tel*** Restaurant Moulin de Saint-V\u00e9rand - Soir\u00e9e \u00e9tape commerciaux\",\"url\":\"https:\\\/\\\/moulindesaintverand.fr\\\/\",\"logo\":{\"@type\":\"ImageObject\",\"inLanguage\":\"en-GB\",\"@id\":\"https:\\\/\\\/moulindesaintverand.fr\\\/#\\\/schema\\\/logo\\\/image\\\/\",\"url\":\"https:\\\/\\\/moulindesaintverand.fr\\\/wp-content\\\/uploads\\\/2020\\\/05\\\/cropped-logo-MSV@2x.png\",\"contentUrl\":\"https:\\\/\\\/moulindesaintverand.fr\\\/wp-content\\\/uploads\\\/2020\\\/05\\\/cropped-logo-MSV@2x.png\",\"width\":714,\"height\":632,\"caption\":\"H\u00f4tel*** Restaurant Moulin de Saint-V\u00e9rand - Soir\u00e9e \u00e9tape commerciaux\"},\"image\":{\"@id\":\"https:\\\/\\\/moulindesaintverand.fr\\\/#\\\/schema\\\/logo\\\/image\\\/\"}}]}<\/script>\n<!-- \/ Yoast SEO plugin. -->","yoast_head_json":{"title":"Le restaurant - Moulin de Saint V\u00e9rand","description":"H\u00f4tel*** \u00e0 mi-chemin entre Paris et Marseille, \u00e0 proximit\u00e9 de M\u00e2con, Lyon et de l'A6, soir\u00e9es \u00e9tapes business pour les commerciaux au coeur du Beaujolais.","robots":{"index":"index","follow":"follow","max-snippet":"max-snippet:-1","max-image-preview":"max-image-preview:large","max-video-preview":"max-video-preview:-1"},"canonical":"https:\/\/moulindesaintverand.fr\/en\/le-restaurant\/","og_locale":"en_GB","og_type":"article","og_title":"Le restaurant - Moulin de Saint V\u00e9rand","og_description":"H\u00f4tel*** \u00e0 mi-chemin entre Paris et Marseille, \u00e0 proximit\u00e9 de M\u00e2con, Lyon et de l'A6, soir\u00e9es \u00e9tapes business pour les commerciaux au coeur du Beaujolais.","og_url":"https:\/\/moulindesaintverand.fr\/en\/le-restaurant\/","og_site_name":"Moulin de Saint V\u00e9rand","article_modified_time":"2026-04-22T15:52:47+00:00","og_image":[{"width":2560,"height":1318,"url":"https:\/\/moulindesaintverand.fr\/wp-content\/uploads\/2021\/10\/MSV_salle-bandeau-02321-1-scaled-e1634548919339.jpg","type":"image\/jpeg"}],"twitter_card":"summary_large_image","twitter_misc":{"Estimated reading time":"3 minutes"},"schema":{"@context":"https:\/\/schema.org","@graph":[{"@type":"WebPage","@id":"https:\/\/moulindesaintverand.fr\/le-restaurant\/","url":"https:\/\/moulindesaintverand.fr\/le-restaurant\/","name":"Le restaurant - Moulin de Saint V\u00e9rand","isPartOf":{"@id":"https:\/\/moulindesaintverand.fr\/#website"},"primaryImageOfPage":{"@id":"https:\/\/moulindesaintverand.fr\/le-restaurant\/#primaryimage"},"image":{"@id":"https:\/\/moulindesaintverand.fr\/le-restaurant\/#primaryimage"},"thumbnailUrl":"https:\/\/moulindesaintverand.fr\/wp-content\/uploads\/2021\/10\/MSV_salle-bandeau-02321-1-scaled-e1634548919339.jpg","datePublished":"2020-04-28T12:41:36+00:00","dateModified":"2026-04-22T15:52:47+00:00","description":"H\u00f4tel*** \u00e0 mi-chemin entre Paris et Marseille, \u00e0 proximit\u00e9 de M\u00e2con, Lyon et de l'A6, soir\u00e9es \u00e9tapes business pour les commerciaux au coeur du Beaujolais.","breadcrumb":{"@id":"https:\/\/moulindesaintverand.fr\/le-restaurant\/#breadcrumb"},"inLanguage":"en-GB","potentialAction":[{"@type":"ReadAction","target":["https:\/\/moulindesaintverand.fr\/le-restaurant\/"]}]},{"@type":"ImageObject","inLanguage":"en-GB","@id":"https:\/\/moulindesaintverand.fr\/le-restaurant\/#primaryimage","url":"https:\/\/moulindesaintverand.fr\/wp-content\/uploads\/2021\/10\/MSV_salle-bandeau-02321-1-scaled-e1634548919339.jpg","contentUrl":"https:\/\/moulindesaintverand.fr\/wp-content\/uploads\/2021\/10\/MSV_salle-bandeau-02321-1-scaled-e1634548919339.jpg","width":2560,"height":1318},{"@type":"BreadcrumbList","@id":"https:\/\/moulindesaintverand.fr\/le-restaurant\/#breadcrumb","itemListElement":[{"@type":"ListItem","position":1,"name":"Accueil","item":"https:\/\/moulindesaintverand.fr\/"},{"@type":"ListItem","position":2,"name":"Le restaurant"}]},{"@type":"WebSite","@id":"https:\/\/moulindesaintverand.fr\/#website","url":"https:\/\/moulindesaintverand.fr\/","name":"Moulin de Saint V\u00e9rand","description":"H\u00f4tel*** Restaurant - Saint-V\u00e9rand","publisher":{"@id":"https:\/\/moulindesaintverand.fr\/#organization"},"potentialAction":[{"@type":"SearchAction","target":{"@type":"EntryPoint","urlTemplate":"https:\/\/moulindesaintverand.fr\/?s={search_term_string}"},"query-input":{"@type":"PropertyValueSpecification","valueRequired":true,"valueName":"search_term_string"}}],"inLanguage":"en-GB"},{"@type":"Organization","@id":"https:\/\/moulindesaintverand.fr\/#organization","name":"H\u00f4tel*** Restaurant Moulin de Saint-V\u00e9rand - Soir\u00e9e \u00e9tape commerciaux","url":"https:\/\/moulindesaintverand.fr\/","logo":{"@type":"ImageObject","inLanguage":"en-GB","@id":"https:\/\/moulindesaintverand.fr\/#\/schema\/logo\/image\/","url":"https:\/\/moulindesaintverand.fr\/wp-content\/uploads\/2020\/05\/cropped-logo-MSV@2x.png","contentUrl":"https:\/\/moulindesaintverand.fr\/wp-content\/uploads\/2020\/05\/cropped-logo-MSV@2x.png","width":714,"height":632,"caption":"H\u00f4tel*** Restaurant Moulin de Saint-V\u00e9rand - Soir\u00e9e \u00e9tape commerciaux"},"image":{"@id":"https:\/\/moulindesaintverand.fr\/#\/schema\/logo\/image\/"}}]}},"_links":{"self":[{"href":"https:\/\/moulindesaintverand.fr\/en\/wp-json\/wp\/v2\/pages\/17","targetHints":{"allow":["GET"]}}],"collection":[{"href":"https:\/\/moulindesaintverand.fr\/en\/wp-json\/wp\/v2\/pages"}],"about":[{"href":"https:\/\/moulindesaintverand.fr\/en\/wp-json\/wp\/v2\/types\/page"}],"author":[{"embeddable":true,"href":"https:\/\/moulindesaintverand.fr\/en\/wp-json\/wp\/v2\/users\/1"}],"replies":[{"embeddable":true,"href":"https:\/\/moulindesaintverand.fr\/en\/wp-json\/wp\/v2\/comments?post=17"}],"version-history":[{"count":64,"href":"https:\/\/moulindesaintverand.fr\/en\/wp-json\/wp\/v2\/pages\/17\/revisions"}],"predecessor-version":[{"id":2574,"href":"https:\/\/moulindesaintverand.fr\/en\/wp-json\/wp\/v2\/pages\/17\/revisions\/2574"}],"wp:featuredmedia":[{"embeddable":true,"href":"https:\/\/moulindesaintverand.fr\/en\/wp-json\/wp\/v2\/media\/1122"}],"wp:attachment":[{"href":"https:\/\/moulindesaintverand.fr\/en\/wp-json\/wp\/v2\/media?parent=17"}],"wp:term":[{"taxonomy":"post_tag","embeddable":true,"href":"https:\/\/moulindesaintverand.fr\/en\/wp-json\/wp\/v2\/tags?post=17"}],"curies":[{"name":"wp","href":"https:\/\/api.w.org\/{rel}","templated":true}]}}