{"id":2547,"date":"2026-04-21T15:35:52","date_gmt":"2026-04-21T13:35:52","guid":{"rendered":"https:\/\/moulindesaintverand.fr\/?page_id=2547"},"modified":"2026-04-22T12:08:39","modified_gmt":"2026-04-22T10:08:39","slug":"un-lieu-convivial-pur-vos-evenements-dentreprise","status":"publish","type":"page","link":"https:\/\/moulindesaintverand.fr\/en\/accueil\/un-lieu-convivial-pur-vos-evenements-dentreprise\/","title":{"rendered":"Un lieu convivial pour vos \u00e9v\u00e8nements d&rsquo;entreprise"},"content":{"rendered":"<p>Pour vos \u00e9v\u00e9nements d\u2019entreprise, le Moulin de Saint-V\u00e9rand propose un espace de r\u00e9union chaleureux et enti\u00e8rement \u00e9quip\u00e9, pouvant accueillir jusqu\u2019\u00e0 20 personnes, avec des prestations d\u2019accueil et de restauration adapt\u00e9es \u00e0 vos besoins.<\/p>\n\n\n\n<figure class=\"wp-block-gallery has-nested-images columns-default is-cropped wp-block-gallery-1 is-layout-flex wp-block-gallery-is-layout-flex\">\n<figure class=\"wp-block-image size-large\"><img loading=\"lazy\" decoding=\"async\" width=\"1024\" height=\"683\" data-id=\"1366\" src=\"https:\/\/moulindesaintverand.fr\/wp-content\/uploads\/2022\/03\/MSV-jeu-page-R-1-1024x683.jpg\" alt=\"\" class=\"wp-image-1366\" srcset=\"https:\/\/moulindesaintverand.fr\/wp-content\/uploads\/2022\/03\/MSV-jeu-page-R-1-1024x683.jpg 1024w, https:\/\/moulindesaintverand.fr\/wp-content\/uploads\/2022\/03\/MSV-jeu-page-R-1-300x200.jpg 300w, https:\/\/moulindesaintverand.fr\/wp-content\/uploads\/2022\/03\/MSV-jeu-page-R-1-768x512.jpg 768w, https:\/\/moulindesaintverand.fr\/wp-content\/uploads\/2022\/03\/MSV-jeu-page-R-1-18x12.jpg 18w, https:\/\/moulindesaintverand.fr\/wp-content\/uploads\/2022\/03\/MSV-jeu-page-R-1.jpg 1440w\" sizes=\"auto, (max-width: 1024px) 100vw, 1024px\" \/><\/figure>\n\n\n\n<figure class=\"wp-block-image size-large\"><img loading=\"lazy\" decoding=\"async\" width=\"1024\" height=\"1008\" data-id=\"1435\" src=\"https:\/\/moulindesaintverand.fr\/wp-content\/uploads\/2022\/03\/Moulin-de-Saint-verand_20220219_121419-2-scaled-e1646734465908-1024x1008.jpeg\" alt=\"\" class=\"wp-image-1435\" srcset=\"https:\/\/moulindesaintverand.fr\/wp-content\/uploads\/2022\/03\/Moulin-de-Saint-verand_20220219_121419-2-scaled-e1646734465908-1024x1008.jpeg 1024w, https:\/\/moulindesaintverand.fr\/wp-content\/uploads\/2022\/03\/Moulin-de-Saint-verand_20220219_121419-2-scaled-e1646734465908-300x295.jpeg 300w, https:\/\/moulindesaintverand.fr\/wp-content\/uploads\/2022\/03\/Moulin-de-Saint-verand_20220219_121419-2-scaled-e1646734465908-768x756.jpeg 768w, https:\/\/moulindesaintverand.fr\/wp-content\/uploads\/2022\/03\/Moulin-de-Saint-verand_20220219_121419-2-scaled-e1646734465908-12x12.jpeg 12w, https:\/\/moulindesaintverand.fr\/wp-content\/uploads\/2022\/03\/Moulin-de-Saint-verand_20220219_121419-2-scaled-e1646734465908.jpeg 1228w\" sizes=\"auto, (max-width: 1024px) 100vw, 1024px\" \/><\/figure>\n\n\n\n<figure class=\"wp-block-image size-large\"><img loading=\"lazy\" decoding=\"async\" width=\"1024\" height=\"485\" data-id=\"1378\" src=\"https:\/\/moulindesaintverand.fr\/wp-content\/uploads\/2022\/03\/moulin-de-saint-verand_20220214_183522-1024x485.jpeg\" alt=\"\" class=\"wp-image-1378\" srcset=\"https:\/\/moulindesaintverand.fr\/wp-content\/uploads\/2022\/03\/moulin-de-saint-verand_20220214_183522-1024x485.jpeg 1024w, https:\/\/moulindesaintverand.fr\/wp-content\/uploads\/2022\/03\/moulin-de-saint-verand_20220214_183522-300x142.jpeg 300w, https:\/\/moulindesaintverand.fr\/wp-content\/uploads\/2022\/03\/moulin-de-saint-verand_20220214_183522-768x363.jpeg 768w, https:\/\/moulindesaintverand.fr\/wp-content\/uploads\/2022\/03\/moulin-de-saint-verand_20220214_183522-1536x727.jpeg 1536w, https:\/\/moulindesaintverand.fr\/wp-content\/uploads\/2022\/03\/moulin-de-saint-verand_20220214_183522-2048x969.jpeg 2048w, https:\/\/moulindesaintverand.fr\/wp-content\/uploads\/2022\/03\/moulin-de-saint-verand_20220214_183522-18x9.jpeg 18w\" sizes=\"auto, (max-width: 1024px) 100vw, 1024px\" \/><\/figure>\n\n\n\n<figure class=\"wp-block-image size-large\"><img loading=\"lazy\" decoding=\"async\" width=\"1024\" height=\"485\" data-id=\"1377\" src=\"https:\/\/moulindesaintverand.fr\/wp-content\/uploads\/2022\/03\/moulin-de-saint-verand_20220214_185050-1024x485.jpeg\" alt=\"\" class=\"wp-image-1377\" srcset=\"https:\/\/moulindesaintverand.fr\/wp-content\/uploads\/2022\/03\/moulin-de-saint-verand_20220214_185050-1024x485.jpeg 1024w, https:\/\/moulindesaintverand.fr\/wp-content\/uploads\/2022\/03\/moulin-de-saint-verand_20220214_185050-300x142.jpeg 300w, https:\/\/moulindesaintverand.fr\/wp-content\/uploads\/2022\/03\/moulin-de-saint-verand_20220214_185050-768x363.jpeg 768w, https:\/\/moulindesaintverand.fr\/wp-content\/uploads\/2022\/03\/moulin-de-saint-verand_20220214_185050-1536x727.jpeg 1536w, https:\/\/moulindesaintverand.fr\/wp-content\/uploads\/2022\/03\/moulin-de-saint-verand_20220214_185050-2048x969.jpeg 2048w, https:\/\/moulindesaintverand.fr\/wp-content\/uploads\/2022\/03\/moulin-de-saint-verand_20220214_185050-18x9.jpeg 18w\" sizes=\"auto, (max-width: 1024px) 100vw, 1024px\" \/><\/figure>\n\n\n\n<figure class=\"wp-block-image size-large\"><img loading=\"lazy\" decoding=\"async\" width=\"1024\" height=\"576\" data-id=\"1376\" src=\"https:\/\/moulindesaintverand.fr\/wp-content\/uploads\/2022\/03\/Moulin-de-saint-verand_20220214_185510-1-1024x576.jpeg\" alt=\"\" class=\"wp-image-1376\"\/><\/figure>\n\n\n\n<figure class=\"wp-block-image size-large\"><img loading=\"lazy\" decoding=\"async\" width=\"1024\" height=\"1024\" data-id=\"1391\" src=\"https:\/\/moulindesaintverand.fr\/wp-content\/uploads\/2022\/03\/IMG-20200821-WA0000-edited-1024x1024.jpg\" alt=\"\" class=\"wp-image-1391\" srcset=\"https:\/\/moulindesaintverand.fr\/wp-content\/uploads\/2022\/03\/IMG-20200821-WA0000-edited-1024x1024.jpg 1024w, https:\/\/moulindesaintverand.fr\/wp-content\/uploads\/2022\/03\/IMG-20200821-WA0000-edited-300x300.jpg 300w, https:\/\/moulindesaintverand.fr\/wp-content\/uploads\/2022\/03\/IMG-20200821-WA0000-edited-150x150.jpg 150w, https:\/\/moulindesaintverand.fr\/wp-content\/uploads\/2022\/03\/IMG-20200821-WA0000-edited-768x769.jpg 768w, https:\/\/moulindesaintverand.fr\/wp-content\/uploads\/2022\/03\/IMG-20200821-WA0000-edited-12x12.jpg 12w, https:\/\/moulindesaintverand.fr\/wp-content\/uploads\/2022\/03\/IMG-20200821-WA0000-edited.jpg 1399w\" sizes=\"auto, (max-width: 1024px) 100vw, 1024px\" \/><\/figure>\n<\/figure>","protected":false},"excerpt":{"rendered":"<p>Pour vos \u00e9v\u00e9nements d\u2019entreprise, le Moulin de Saint-V\u00e9rand propose un espace de r\u00e9union chaleureux et enti\u00e8rement \u00e9quip\u00e9, pouvant accueillir jusqu\u2019\u00e0 20 personnes, avec des prestations d\u2019accueil et de restauration adapt\u00e9es \u00e0 vos besoins. [&#8230;]<\/p>\n<p><a class=\"btn btn-secondary understrap-read-more-link\" href=\"https:\/\/moulindesaintverand.fr\/en\/accueil\/un-lieu-convivial-pur-vos-evenements-dentreprise\/\">Read More&#8230;<span class=\"screen-reader-text\"> from Un lieu convivial pour vos \u00e9v\u00e8nements d&rsquo;entreprise<\/span><\/a><\/p>\n","protected":false},"author":1,"featured_media":1348,"parent":2,"menu_order":4,"comment_status":"closed","ping_status":"closed","template":"templates-pages\/template-side.php","meta":{"_acf_changed":false,"footnotes":""},"tags":[],"class_list":["post-2547","page","type-page","status-publish","has-post-thumbnail","hentry"],"acf":[],"yoast_head":"<!-- This site is optimized with the Yoast SEO plugin v27.3 - https:\/\/yoast.com\/product\/yoast-seo-wordpress\/ -->\n<title>Un lieu convivial pour vos \u00e9v\u00e8nements d&#039;entreprise - Moulin de Saint V\u00e9rand<\/title>\n<meta name=\"description\" content=\"H\u00f4tel*** \u00e0 mi-chemin entre Paris et Marseille, \u00e0 proximit\u00e9 de M\u00e2con, Lyon et de l&#039;A6, soir\u00e9es \u00e9tapes business pour les commerciaux au coeur du Beaujolais.\" \/>\n<meta name=\"robots\" content=\"index, follow, max-snippet:-1, max-image-preview:large, max-video-preview:-1\" \/>\n<link rel=\"canonical\" href=\"https:\/\/moulindesaintverand.fr\/en\/accueil\/un-lieu-convivial-pur-vos-evenements-dentreprise\/\" \/>\n<meta property=\"og:locale\" content=\"en_GB\" \/>\n<meta property=\"og:type\" content=\"article\" \/>\n<meta property=\"og:title\" content=\"Un lieu convivial pour vos \u00e9v\u00e8nements d&#039;entreprise - Moulin de Saint V\u00e9rand\" \/>\n<meta property=\"og:description\" content=\"H\u00f4tel*** \u00e0 mi-chemin entre Paris et Marseille, \u00e0 proximit\u00e9 de M\u00e2con, Lyon et de l&#039;A6, soir\u00e9es \u00e9tapes business pour les commerciaux au coeur du Beaujolais.\" \/>\n<meta property=\"og:url\" content=\"https:\/\/moulindesaintverand.fr\/en\/accueil\/un-lieu-convivial-pur-vos-evenements-dentreprise\/\" \/>\n<meta property=\"og:site_name\" content=\"Moulin de Saint V\u00e9rand\" \/>\n<meta property=\"article:modified_time\" content=\"2026-04-22T10:08:39+00:00\" \/>\n<meta property=\"og:image\" content=\"https:\/\/moulindesaintverand.fr\/wp-content\/uploads\/2022\/02\/MSV_se\u0301minaire2-e1646129945442.jpg\" \/>\n\t<meta property=\"og:image:width\" content=\"1628\" \/>\n\t<meta property=\"og:image:height\" content=\"1278\" \/>\n\t<meta property=\"og:image:type\" content=\"image\/jpeg\" \/>\n<meta name=\"twitter:card\" content=\"summary_large_image\" \/>\n<meta name=\"twitter:label1\" content=\"Estimated reading time\" \/>\n\t<meta name=\"twitter:data1\" content=\"1 minute\" \/>\n<script type=\"application\/ld+json\" class=\"yoast-schema-graph\">{\"@context\":\"https:\\\/\\\/schema.org\",\"@graph\":[{\"@type\":\"WebPage\",\"@id\":\"https:\\\/\\\/moulindesaintverand.fr\\\/accueil\\\/un-lieu-convivial-pur-vos-evenements-dentreprise\\\/\",\"url\":\"https:\\\/\\\/moulindesaintverand.fr\\\/accueil\\\/un-lieu-convivial-pur-vos-evenements-dentreprise\\\/\",\"name\":\"Un lieu convivial pour vos \u00e9v\u00e8nements d'entreprise - Moulin de Saint V\u00e9rand\",\"isPartOf\":{\"@id\":\"https:\\\/\\\/moulindesaintverand.fr\\\/#website\"},\"primaryImageOfPage\":{\"@id\":\"https:\\\/\\\/moulindesaintverand.fr\\\/accueil\\\/un-lieu-convivial-pur-vos-evenements-dentreprise\\\/#primaryimage\"},\"image\":{\"@id\":\"https:\\\/\\\/moulindesaintverand.fr\\\/accueil\\\/un-lieu-convivial-pur-vos-evenements-dentreprise\\\/#primaryimage\"},\"thumbnailUrl\":\"https:\\\/\\\/moulindesaintverand.fr\\\/wp-content\\\/uploads\\\/2022\\\/02\\\/MSV_se\u0301minaire2-e1646129945442.jpg\",\"datePublished\":\"2026-04-21T13:35:52+00:00\",\"dateModified\":\"2026-04-22T10:08:39+00:00\",\"description\":\"H\u00f4tel*** \u00e0 mi-chemin entre Paris et Marseille, \u00e0 proximit\u00e9 de M\u00e2con, Lyon et de l'A6, soir\u00e9es \u00e9tapes business pour les commerciaux au coeur du Beaujolais.\",\"breadcrumb\":{\"@id\":\"https:\\\/\\\/moulindesaintverand.fr\\\/accueil\\\/un-lieu-convivial-pur-vos-evenements-dentreprise\\\/#breadcrumb\"},\"inLanguage\":\"en-GB\",\"potentialAction\":[{\"@type\":\"ReadAction\",\"target\":[\"https:\\\/\\\/moulindesaintverand.fr\\\/accueil\\\/un-lieu-convivial-pur-vos-evenements-dentreprise\\\/\"]}]},{\"@type\":\"ImageObject\",\"inLanguage\":\"en-GB\",\"@id\":\"https:\\\/\\\/moulindesaintverand.fr\\\/accueil\\\/un-lieu-convivial-pur-vos-evenements-dentreprise\\\/#primaryimage\",\"url\":\"https:\\\/\\\/moulindesaintverand.fr\\\/wp-content\\\/uploads\\\/2022\\\/02\\\/MSV_se\u0301minaire2-e1646129945442.jpg\",\"contentUrl\":\"https:\\\/\\\/moulindesaintverand.fr\\\/wp-content\\\/uploads\\\/2022\\\/02\\\/MSV_se\u0301minaire2-e1646129945442.jpg\",\"width\":1628,\"height\":1278},{\"@type\":\"BreadcrumbList\",\"@id\":\"https:\\\/\\\/moulindesaintverand.fr\\\/accueil\\\/un-lieu-convivial-pur-vos-evenements-dentreprise\\\/#breadcrumb\",\"itemListElement\":[{\"@type\":\"ListItem\",\"position\":1,\"name\":\"Accueil\",\"item\":\"https:\\\/\\\/moulindesaintverand.fr\\\/\"},{\"@type\":\"ListItem\",\"position\":2,\"name\":\"Accueil\",\"item\":\"https:\\\/\\\/moulindesaintverand.fr\\\/\"},{\"@type\":\"ListItem\",\"position\":3,\"name\":\"Un lieu convivial pour vos \u00e9v\u00e8nements d&rsquo;entreprise\"}]},{\"@type\":\"WebSite\",\"@id\":\"https:\\\/\\\/moulindesaintverand.fr\\\/#website\",\"url\":\"https:\\\/\\\/moulindesaintverand.fr\\\/\",\"name\":\"Moulin de Saint V\u00e9rand\",\"description\":\"H\u00f4tel*** Restaurant - Saint-V\u00e9rand\",\"publisher\":{\"@id\":\"https:\\\/\\\/moulindesaintverand.fr\\\/#organization\"},\"potentialAction\":[{\"@type\":\"SearchAction\",\"target\":{\"@type\":\"EntryPoint\",\"urlTemplate\":\"https:\\\/\\\/moulindesaintverand.fr\\\/?s={search_term_string}\"},\"query-input\":{\"@type\":\"PropertyValueSpecification\",\"valueRequired\":true,\"valueName\":\"search_term_string\"}}],\"inLanguage\":\"en-GB\"},{\"@type\":\"Organization\",\"@id\":\"https:\\\/\\\/moulindesaintverand.fr\\\/#organization\",\"name\":\"H\u00f4tel*** Restaurant Moulin de Saint-V\u00e9rand - Soir\u00e9e \u00e9tape commerciaux\",\"url\":\"https:\\\/\\\/moulindesaintverand.fr\\\/\",\"logo\":{\"@type\":\"ImageObject\",\"inLanguage\":\"en-GB\",\"@id\":\"https:\\\/\\\/moulindesaintverand.fr\\\/#\\\/schema\\\/logo\\\/image\\\/\",\"url\":\"https:\\\/\\\/moulindesaintverand.fr\\\/wp-content\\\/uploads\\\/2020\\\/05\\\/cropped-logo-MSV@2x.png\",\"contentUrl\":\"https:\\\/\\\/moulindesaintverand.fr\\\/wp-content\\\/uploads\\\/2020\\\/05\\\/cropped-logo-MSV@2x.png\",\"width\":714,\"height\":632,\"caption\":\"H\u00f4tel*** Restaurant Moulin de Saint-V\u00e9rand - Soir\u00e9e \u00e9tape commerciaux\"},\"image\":{\"@id\":\"https:\\\/\\\/moulindesaintverand.fr\\\/#\\\/schema\\\/logo\\\/image\\\/\"}}]}<\/script>\n<!-- \/ Yoast SEO plugin. -->","yoast_head_json":{"title":"Un lieu convivial pour vos \u00e9v\u00e8nements d'entreprise - Moulin de Saint V\u00e9rand","description":"H\u00f4tel*** \u00e0 mi-chemin entre Paris et Marseille, \u00e0 proximit\u00e9 de M\u00e2con, Lyon et de l'A6, soir\u00e9es \u00e9tapes business pour les commerciaux au coeur du Beaujolais.","robots":{"index":"index","follow":"follow","max-snippet":"max-snippet:-1","max-image-preview":"max-image-preview:large","max-video-preview":"max-video-preview:-1"},"canonical":"https:\/\/moulindesaintverand.fr\/en\/accueil\/un-lieu-convivial-pur-vos-evenements-dentreprise\/","og_locale":"en_GB","og_type":"article","og_title":"Un lieu convivial pour vos \u00e9v\u00e8nements d'entreprise - Moulin de Saint V\u00e9rand","og_description":"H\u00f4tel*** \u00e0 mi-chemin entre Paris et Marseille, \u00e0 proximit\u00e9 de M\u00e2con, Lyon et de l'A6, soir\u00e9es \u00e9tapes business pour les commerciaux au coeur du Beaujolais.","og_url":"https:\/\/moulindesaintverand.fr\/en\/accueil\/un-lieu-convivial-pur-vos-evenements-dentreprise\/","og_site_name":"Moulin de Saint V\u00e9rand","article_modified_time":"2026-04-22T10:08:39+00:00","og_image":[{"width":1628,"height":1278,"url":"https:\/\/moulindesaintverand.fr\/wp-content\/uploads\/2022\/02\/MSV_se\u0301minaire2-e1646129945442.jpg","type":"image\/jpeg"}],"twitter_card":"summary_large_image","twitter_misc":{"Estimated reading time":"1 minute"},"schema":{"@context":"https:\/\/schema.org","@graph":[{"@type":"WebPage","@id":"https:\/\/moulindesaintverand.fr\/accueil\/un-lieu-convivial-pur-vos-evenements-dentreprise\/","url":"https:\/\/moulindesaintverand.fr\/accueil\/un-lieu-convivial-pur-vos-evenements-dentreprise\/","name":"Un lieu convivial pour vos \u00e9v\u00e8nements d'entreprise - Moulin de Saint V\u00e9rand","isPartOf":{"@id":"https:\/\/moulindesaintverand.fr\/#website"},"primaryImageOfPage":{"@id":"https:\/\/moulindesaintverand.fr\/accueil\/un-lieu-convivial-pur-vos-evenements-dentreprise\/#primaryimage"},"image":{"@id":"https:\/\/moulindesaintverand.fr\/accueil\/un-lieu-convivial-pur-vos-evenements-dentreprise\/#primaryimage"},"thumbnailUrl":"https:\/\/moulindesaintverand.fr\/wp-content\/uploads\/2022\/02\/MSV_se\u0301minaire2-e1646129945442.jpg","datePublished":"2026-04-21T13:35:52+00:00","dateModified":"2026-04-22T10:08:39+00:00","description":"H\u00f4tel*** \u00e0 mi-chemin entre Paris et Marseille, \u00e0 proximit\u00e9 de M\u00e2con, Lyon et de l'A6, soir\u00e9es \u00e9tapes business pour les commerciaux au coeur du Beaujolais.","breadcrumb":{"@id":"https:\/\/moulindesaintverand.fr\/accueil\/un-lieu-convivial-pur-vos-evenements-dentreprise\/#breadcrumb"},"inLanguage":"en-GB","potentialAction":[{"@type":"ReadAction","target":["https:\/\/moulindesaintverand.fr\/accueil\/un-lieu-convivial-pur-vos-evenements-dentreprise\/"]}]},{"@type":"ImageObject","inLanguage":"en-GB","@id":"https:\/\/moulindesaintverand.fr\/accueil\/un-lieu-convivial-pur-vos-evenements-dentreprise\/#primaryimage","url":"https:\/\/moulindesaintverand.fr\/wp-content\/uploads\/2022\/02\/MSV_se\u0301minaire2-e1646129945442.jpg","contentUrl":"https:\/\/moulindesaintverand.fr\/wp-content\/uploads\/2022\/02\/MSV_se\u0301minaire2-e1646129945442.jpg","width":1628,"height":1278},{"@type":"BreadcrumbList","@id":"https:\/\/moulindesaintverand.fr\/accueil\/un-lieu-convivial-pur-vos-evenements-dentreprise\/#breadcrumb","itemListElement":[{"@type":"ListItem","position":1,"name":"Accueil","item":"https:\/\/moulindesaintverand.fr\/"},{"@type":"ListItem","position":2,"name":"Accueil","item":"https:\/\/moulindesaintverand.fr\/"},{"@type":"ListItem","position":3,"name":"Un lieu convivial pour vos \u00e9v\u00e8nements d&rsquo;entreprise"}]},{"@type":"WebSite","@id":"https:\/\/moulindesaintverand.fr\/#website","url":"https:\/\/moulindesaintverand.fr\/","name":"Moulin de Saint V\u00e9rand","description":"H\u00f4tel*** Restaurant - Saint-V\u00e9rand","publisher":{"@id":"https:\/\/moulindesaintverand.fr\/#organization"},"potentialAction":[{"@type":"SearchAction","target":{"@type":"EntryPoint","urlTemplate":"https:\/\/moulindesaintverand.fr\/?s={search_term_string}"},"query-input":{"@type":"PropertyValueSpecification","valueRequired":true,"valueName":"search_term_string"}}],"inLanguage":"en-GB"},{"@type":"Organization","@id":"https:\/\/moulindesaintverand.fr\/#organization","name":"H\u00f4tel*** Restaurant Moulin de Saint-V\u00e9rand - Soir\u00e9e \u00e9tape commerciaux","url":"https:\/\/moulindesaintverand.fr\/","logo":{"@type":"ImageObject","inLanguage":"en-GB","@id":"https:\/\/moulindesaintverand.fr\/#\/schema\/logo\/image\/","url":"https:\/\/moulindesaintverand.fr\/wp-content\/uploads\/2020\/05\/cropped-logo-MSV@2x.png","contentUrl":"https:\/\/moulindesaintverand.fr\/wp-content\/uploads\/2020\/05\/cropped-logo-MSV@2x.png","width":714,"height":632,"caption":"H\u00f4tel*** Restaurant Moulin de Saint-V\u00e9rand - Soir\u00e9e \u00e9tape commerciaux"},"image":{"@id":"https:\/\/moulindesaintverand.fr\/#\/schema\/logo\/image\/"}}]}},"_links":{"self":[{"href":"https:\/\/moulindesaintverand.fr\/en\/wp-json\/wp\/v2\/pages\/2547","targetHints":{"allow":["GET"]}}],"collection":[{"href":"https:\/\/moulindesaintverand.fr\/en\/wp-json\/wp\/v2\/pages"}],"about":[{"href":"https:\/\/moulindesaintverand.fr\/en\/wp-json\/wp\/v2\/types\/page"}],"author":[{"embeddable":true,"href":"https:\/\/moulindesaintverand.fr\/en\/wp-json\/wp\/v2\/users\/1"}],"replies":[{"embeddable":true,"href":"https:\/\/moulindesaintverand.fr\/en\/wp-json\/wp\/v2\/comments?post=2547"}],"version-history":[{"count":7,"href":"https:\/\/moulindesaintverand.fr\/en\/wp-json\/wp\/v2\/pages\/2547\/revisions"}],"predecessor-version":[{"id":2564,"href":"https:\/\/moulindesaintverand.fr\/en\/wp-json\/wp\/v2\/pages\/2547\/revisions\/2564"}],"up":[{"embeddable":true,"href":"https:\/\/moulindesaintverand.fr\/en\/wp-json\/wp\/v2\/pages\/2"}],"wp:featuredmedia":[{"embeddable":true,"href":"https:\/\/moulindesaintverand.fr\/en\/wp-json\/wp\/v2\/media\/1348"}],"wp:attachment":[{"href":"https:\/\/moulindesaintverand.fr\/en\/wp-json\/wp\/v2\/media?parent=2547"}],"wp:term":[{"taxonomy":"post_tag","embeddable":true,"href":"https:\/\/moulindesaintverand.fr\/en\/wp-json\/wp\/v2\/tags?post=2547"}],"curies":[{"name":"wp","href":"https:\/\/api.w.org\/{rel}","templated":true}]}}