{"id":1329,"date":"2022-02-23T14:53:05","date_gmt":"2022-02-23T13:53:05","guid":{"rendered":"https:\/\/moulindesaintverand.fr\/?page_id=1329"},"modified":"2022-03-23T11:55:18","modified_gmt":"2022-03-23T10:55:18","slug":"des-espaces-pour-les-enfants","status":"publish","type":"page","link":"https:\/\/moulindesaintverand.fr\/nl\/des-espaces-pour-les-enfants\/","title":{"rendered":"Repas de famille"},"content":{"rendered":"<p>Pour vos repas de famille, anniversaire, communion, cousinade,&#8230;ou aussi pour vous retrouver en groupe entre ami(e)s, le Moulin de Saint V\u00e9rand vous accueille. En fonction de l&rsquo;\u00e9v\u00e8nement, notre chef vous proposera la formule qui r\u00e9pond le mieux \u00e0 vos attentes et votre budget.<\/p>\n\n\n\n<p>Entre M\u00e2connais et Beaujolais, vous pourrez profiter de notre terrasse ombrag\u00e9e l&rsquo;\u00e9t\u00e9 ou du feu de chemin\u00e9e en hiver ! <\/p>\n\n\n\n<p>Dans le grand parc, Natalie et Christophe ont pr\u00e9vu des jeux pour que les enfants profitent aussi pleinement des moments pass\u00e9s en famille : balan\u00e7oires, portique, toboggan feront la joie des petits tandis que les plus grands pourront b\u00e9n\u00e9ficier de l&rsquo;\u00e9crin de verdure pour laisser libre cours \u00e0 leur imagination\u2026<\/p>\n\n\n\n<figure class=\"wp-block-gallery columns-3 is-cropped wp-block-gallery-1 is-layout-flex wp-block-gallery-is-layout-flex\"><ul class=\"blocks-gallery-grid\"><li class=\"blocks-gallery-item\"><figure><img loading=\"lazy\" decoding=\"async\" width=\"1024\" height=\"485\" src=\"https:\/\/moulindesaintverand.fr\/wp-content\/uploads\/2022\/03\/Moulin-de-Saint-verand_20220219_121419-1-1024x485.jpeg\" alt=\"\" data-id=\"1421\" data-full-url=\"https:\/\/moulindesaintverand.fr\/wp-content\/uploads\/2022\/03\/Moulin-de-Saint-verand_20220219_121419-1-scaled.jpeg\" data-link=\"https:\/\/moulindesaintverand.fr\/des-espaces-pour-les-enfants\/moulin-de-saint-verand_20220219_121419-1\/\" class=\"wp-image-1421\" srcset=\"https:\/\/moulindesaintverand.fr\/wp-content\/uploads\/2022\/03\/Moulin-de-Saint-verand_20220219_121419-1-1024x485.jpeg 1024w, https:\/\/moulindesaintverand.fr\/wp-content\/uploads\/2022\/03\/Moulin-de-Saint-verand_20220219_121419-1-300x142.jpeg 300w, https:\/\/moulindesaintverand.fr\/wp-content\/uploads\/2022\/03\/Moulin-de-Saint-verand_20220219_121419-1-768x363.jpeg 768w, https:\/\/moulindesaintverand.fr\/wp-content\/uploads\/2022\/03\/Moulin-de-Saint-verand_20220219_121419-1-1536x727.jpeg 1536w, https:\/\/moulindesaintverand.fr\/wp-content\/uploads\/2022\/03\/Moulin-de-Saint-verand_20220219_121419-1-2048x969.jpeg 2048w, https:\/\/moulindesaintverand.fr\/wp-content\/uploads\/2022\/03\/Moulin-de-Saint-verand_20220219_121419-1-18x9.jpeg 18w\" sizes=\"auto, (max-width: 1024px) 100vw, 1024px\" \/><\/figure><\/li><li class=\"blocks-gallery-item\"><figure><img loading=\"lazy\" decoding=\"async\" width=\"1024\" height=\"1024\" src=\"https:\/\/moulindesaintverand.fr\/wp-content\/uploads\/2020\/07\/Terrasse-1024x1024.jpg\" alt=\"\" data-id=\"402\" data-full-url=\"https:\/\/moulindesaintverand.fr\/wp-content\/uploads\/2020\/07\/Terrasse.jpg\" data-link=\"https:\/\/moulindesaintverand.fr\/terrasse-2\/\" class=\"wp-image-402\" srcset=\"https:\/\/moulindesaintverand.fr\/wp-content\/uploads\/2020\/07\/Terrasse-1024x1024.jpg 1024w, https:\/\/moulindesaintverand.fr\/wp-content\/uploads\/2020\/07\/Terrasse-300x300.jpg 300w, https:\/\/moulindesaintverand.fr\/wp-content\/uploads\/2020\/07\/Terrasse-150x150.jpg 150w, https:\/\/moulindesaintverand.fr\/wp-content\/uploads\/2020\/07\/Terrasse-768x768.jpg 768w, https:\/\/moulindesaintverand.fr\/wp-content\/uploads\/2020\/07\/Terrasse-1536x1536.jpg 1536w, https:\/\/moulindesaintverand.fr\/wp-content\/uploads\/2020\/07\/Terrasse.jpg 1651w\" sizes=\"auto, (max-width: 1024px) 100vw, 1024px\" \/><\/figure><\/li><li class=\"blocks-gallery-item\"><figure><img loading=\"lazy\" decoding=\"async\" width=\"1024\" height=\"683\" src=\"https:\/\/moulindesaintverand.fr\/wp-content\/uploads\/2022\/03\/MSV-jeu-page-R-1024x683.jpg\" alt=\"\" data-id=\"1368\" data-full-url=\"https:\/\/moulindesaintverand.fr\/wp-content\/uploads\/2022\/03\/MSV-jeu-page-R-scaled.jpg\" data-link=\"https:\/\/moulindesaintverand.fr\/des-espaces-pour-les-enfants\/msv-jeu-page-r-2\/\" class=\"wp-image-1368\" srcset=\"https:\/\/moulindesaintverand.fr\/wp-content\/uploads\/2022\/03\/MSV-jeu-page-R-1024x683.jpg 1024w, https:\/\/moulindesaintverand.fr\/wp-content\/uploads\/2022\/03\/MSV-jeu-page-R-300x200.jpg 300w, https:\/\/moulindesaintverand.fr\/wp-content\/uploads\/2022\/03\/MSV-jeu-page-R-768x512.jpg 768w, https:\/\/moulindesaintverand.fr\/wp-content\/uploads\/2022\/03\/MSV-jeu-page-R-1536x1024.jpg 1536w, https:\/\/moulindesaintverand.fr\/wp-content\/uploads\/2022\/03\/MSV-jeu-page-R-2048x1365.jpg 2048w, https:\/\/moulindesaintverand.fr\/wp-content\/uploads\/2022\/03\/MSV-jeu-page-R-18x12.jpg 18w\" sizes=\"auto, (max-width: 1024px) 100vw, 1024px\" \/><\/figure><\/li><\/ul><\/figure>\n\n\n\n<p><\/p>","protected":false},"excerpt":{"rendered":"<p>Pour vos repas de famille, anniversaire, communion, cousinade,&#8230;ou aussi pour vous retrouver en groupe entre ami(e)s, le Moulin de Saint V\u00e9rand vous accueille. En fonction de l&rsquo;\u00e9v\u00e8nement, notre chef vous proposera la formule qui r\u00e9pond le mieux \u00e0 vos attentes et votre budget. Entre M\u00e2connais et Beaujolais, vous pourrez profiter de notre terrasse ombrag\u00e9e l&rsquo;\u00e9t\u00e9 [&#8230;]<\/p>\n<p><a class=\"btn btn-secondary understrap-read-more-link\" href=\"https:\/\/moulindesaintverand.fr\/nl\/des-espaces-pour-les-enfants\/\">Verder lezen&#8230;<span class=\"screen-reader-text\"> from Repas de famille<\/span><\/a><\/p>\n","protected":false},"author":1,"featured_media":1421,"parent":0,"menu_order":2,"comment_status":"closed","ping_status":"closed","template":"templates-pages\/template-side.php","meta":{"_acf_changed":false,"footnotes":""},"tags":[],"class_list":["post-1329","page","type-page","status-publish","has-post-thumbnail","hentry"],"acf":[],"yoast_head":"<!-- This site is optimized with the Yoast SEO plugin v27.3 - https:\/\/yoast.com\/product\/yoast-seo-wordpress\/ -->\n<title>Repas de famille - Moulin de Saint V\u00e9rand<\/title>\n<meta name=\"description\" content=\"H\u00f4tel*** \u00e0 mi-chemin entre Paris et Marseille, \u00e0 proximit\u00e9 de M\u00e2con, Lyon et de l&#039;A6, soir\u00e9es \u00e9tapes business pour les commerciaux au coeur du Beaujolais.\" \/>\n<meta name=\"robots\" content=\"index, follow, max-snippet:-1, max-image-preview:large, max-video-preview:-1\" \/>\n<link rel=\"canonical\" href=\"https:\/\/moulindesaintverand.fr\/nl\/des-espaces-pour-les-enfants\/\" \/>\n<meta property=\"og:locale\" content=\"nl_NL\" \/>\n<meta property=\"og:type\" content=\"article\" \/>\n<meta property=\"og:title\" content=\"Repas de famille - Moulin de Saint V\u00e9rand\" \/>\n<meta property=\"og:description\" content=\"H\u00f4tel*** \u00e0 mi-chemin entre Paris et Marseille, \u00e0 proximit\u00e9 de M\u00e2con, Lyon et de l&#039;A6, soir\u00e9es \u00e9tapes business pour les commerciaux au coeur du Beaujolais.\" \/>\n<meta property=\"og:url\" content=\"https:\/\/moulindesaintverand.fr\/nl\/des-espaces-pour-les-enfants\/\" \/>\n<meta property=\"og:site_name\" content=\"Moulin de Saint V\u00e9rand\" \/>\n<meta property=\"article:modified_time\" content=\"2022-03-23T10:55:18+00:00\" \/>\n<meta property=\"og:image\" content=\"https:\/\/moulindesaintverand.fr\/wp-content\/uploads\/2022\/03\/Moulin-de-Saint-verand_20220219_121419-1-scaled.jpeg\" \/>\n\t<meta property=\"og:image:width\" content=\"2560\" \/>\n\t<meta property=\"og:image:height\" content=\"1211\" \/>\n\t<meta property=\"og:image:type\" content=\"image\/jpeg\" \/>\n<meta name=\"twitter:card\" content=\"summary_large_image\" \/>\n<meta name=\"twitter:label1\" content=\"Verwachte leestijd\" \/>\n\t<meta name=\"twitter:data1\" content=\"2 minuten\" \/>\n<script type=\"application\/ld+json\" class=\"yoast-schema-graph\">{\"@context\":\"https:\\\/\\\/schema.org\",\"@graph\":[{\"@type\":\"WebPage\",\"@id\":\"https:\\\/\\\/moulindesaintverand.fr\\\/des-espaces-pour-les-enfants\\\/\",\"url\":\"https:\\\/\\\/moulindesaintverand.fr\\\/des-espaces-pour-les-enfants\\\/\",\"name\":\"Repas de famille - Moulin de Saint V\u00e9rand\",\"isPartOf\":{\"@id\":\"https:\\\/\\\/moulindesaintverand.fr\\\/#website\"},\"primaryImageOfPage\":{\"@id\":\"https:\\\/\\\/moulindesaintverand.fr\\\/des-espaces-pour-les-enfants\\\/#primaryimage\"},\"image\":{\"@id\":\"https:\\\/\\\/moulindesaintverand.fr\\\/des-espaces-pour-les-enfants\\\/#primaryimage\"},\"thumbnailUrl\":\"https:\\\/\\\/moulindesaintverand.fr\\\/wp-content\\\/uploads\\\/2022\\\/03\\\/Moulin-de-Saint-verand_20220219_121419-1-scaled.jpeg\",\"datePublished\":\"2022-02-23T13:53:05+00:00\",\"dateModified\":\"2022-03-23T10:55:18+00:00\",\"description\":\"H\u00f4tel*** \u00e0 mi-chemin entre Paris et Marseille, \u00e0 proximit\u00e9 de M\u00e2con, Lyon et de l'A6, soir\u00e9es \u00e9tapes business pour les commerciaux au coeur du Beaujolais.\",\"breadcrumb\":{\"@id\":\"https:\\\/\\\/moulindesaintverand.fr\\\/des-espaces-pour-les-enfants\\\/#breadcrumb\"},\"inLanguage\":\"nl-NL\",\"potentialAction\":[{\"@type\":\"ReadAction\",\"target\":[\"https:\\\/\\\/moulindesaintverand.fr\\\/des-espaces-pour-les-enfants\\\/\"]}]},{\"@type\":\"ImageObject\",\"inLanguage\":\"nl-NL\",\"@id\":\"https:\\\/\\\/moulindesaintverand.fr\\\/des-espaces-pour-les-enfants\\\/#primaryimage\",\"url\":\"https:\\\/\\\/moulindesaintverand.fr\\\/wp-content\\\/uploads\\\/2022\\\/03\\\/Moulin-de-Saint-verand_20220219_121419-1-scaled.jpeg\",\"contentUrl\":\"https:\\\/\\\/moulindesaintverand.fr\\\/wp-content\\\/uploads\\\/2022\\\/03\\\/Moulin-de-Saint-verand_20220219_121419-1-scaled.jpeg\",\"width\":2560,\"height\":1211},{\"@type\":\"BreadcrumbList\",\"@id\":\"https:\\\/\\\/moulindesaintverand.fr\\\/des-espaces-pour-les-enfants\\\/#breadcrumb\",\"itemListElement\":[{\"@type\":\"ListItem\",\"position\":1,\"name\":\"Accueil\",\"item\":\"https:\\\/\\\/moulindesaintverand.fr\\\/\"},{\"@type\":\"ListItem\",\"position\":2,\"name\":\"Repas de famille\"}]},{\"@type\":\"WebSite\",\"@id\":\"https:\\\/\\\/moulindesaintverand.fr\\\/#website\",\"url\":\"https:\\\/\\\/moulindesaintverand.fr\\\/\",\"name\":\"Moulin de Saint V\u00e9rand\",\"description\":\"H\u00f4tel*** Restaurant - Saint-V\u00e9rand\",\"publisher\":{\"@id\":\"https:\\\/\\\/moulindesaintverand.fr\\\/#organization\"},\"potentialAction\":[{\"@type\":\"SearchAction\",\"target\":{\"@type\":\"EntryPoint\",\"urlTemplate\":\"https:\\\/\\\/moulindesaintverand.fr\\\/?s={search_term_string}\"},\"query-input\":{\"@type\":\"PropertyValueSpecification\",\"valueRequired\":true,\"valueName\":\"search_term_string\"}}],\"inLanguage\":\"nl-NL\"},{\"@type\":\"Organization\",\"@id\":\"https:\\\/\\\/moulindesaintverand.fr\\\/#organization\",\"name\":\"H\u00f4tel*** Restaurant Moulin de Saint-V\u00e9rand - Soir\u00e9e \u00e9tape commerciaux\",\"url\":\"https:\\\/\\\/moulindesaintverand.fr\\\/\",\"logo\":{\"@type\":\"ImageObject\",\"inLanguage\":\"nl-NL\",\"@id\":\"https:\\\/\\\/moulindesaintverand.fr\\\/#\\\/schema\\\/logo\\\/image\\\/\",\"url\":\"https:\\\/\\\/moulindesaintverand.fr\\\/wp-content\\\/uploads\\\/2020\\\/05\\\/cropped-logo-MSV@2x.png\",\"contentUrl\":\"https:\\\/\\\/moulindesaintverand.fr\\\/wp-content\\\/uploads\\\/2020\\\/05\\\/cropped-logo-MSV@2x.png\",\"width\":714,\"height\":632,\"caption\":\"H\u00f4tel*** Restaurant Moulin de Saint-V\u00e9rand - Soir\u00e9e \u00e9tape commerciaux\"},\"image\":{\"@id\":\"https:\\\/\\\/moulindesaintverand.fr\\\/#\\\/schema\\\/logo\\\/image\\\/\"}}]}<\/script>\n<!-- \/ Yoast SEO plugin. -->","yoast_head_json":{"title":"Repas de famille - Moulin de Saint V\u00e9rand","description":"H\u00f4tel*** \u00e0 mi-chemin entre Paris et Marseille, \u00e0 proximit\u00e9 de M\u00e2con, Lyon et de l'A6, soir\u00e9es \u00e9tapes business pour les commerciaux au coeur du Beaujolais.","robots":{"index":"index","follow":"follow","max-snippet":"max-snippet:-1","max-image-preview":"max-image-preview:large","max-video-preview":"max-video-preview:-1"},"canonical":"https:\/\/moulindesaintverand.fr\/nl\/des-espaces-pour-les-enfants\/","og_locale":"nl_NL","og_type":"article","og_title":"Repas de famille - Moulin de Saint V\u00e9rand","og_description":"H\u00f4tel*** \u00e0 mi-chemin entre Paris et Marseille, \u00e0 proximit\u00e9 de M\u00e2con, Lyon et de l'A6, soir\u00e9es \u00e9tapes business pour les commerciaux au coeur du Beaujolais.","og_url":"https:\/\/moulindesaintverand.fr\/nl\/des-espaces-pour-les-enfants\/","og_site_name":"Moulin de Saint V\u00e9rand","article_modified_time":"2022-03-23T10:55:18+00:00","og_image":[{"width":2560,"height":1211,"url":"https:\/\/moulindesaintverand.fr\/wp-content\/uploads\/2022\/03\/Moulin-de-Saint-verand_20220219_121419-1-scaled.jpeg","type":"image\/jpeg"}],"twitter_card":"summary_large_image","twitter_misc":{"Verwachte leestijd":"2 minuten"},"schema":{"@context":"https:\/\/schema.org","@graph":[{"@type":"WebPage","@id":"https:\/\/moulindesaintverand.fr\/des-espaces-pour-les-enfants\/","url":"https:\/\/moulindesaintverand.fr\/des-espaces-pour-les-enfants\/","name":"Repas de famille - Moulin de Saint V\u00e9rand","isPartOf":{"@id":"https:\/\/moulindesaintverand.fr\/#website"},"primaryImageOfPage":{"@id":"https:\/\/moulindesaintverand.fr\/des-espaces-pour-les-enfants\/#primaryimage"},"image":{"@id":"https:\/\/moulindesaintverand.fr\/des-espaces-pour-les-enfants\/#primaryimage"},"thumbnailUrl":"https:\/\/moulindesaintverand.fr\/wp-content\/uploads\/2022\/03\/Moulin-de-Saint-verand_20220219_121419-1-scaled.jpeg","datePublished":"2022-02-23T13:53:05+00:00","dateModified":"2022-03-23T10:55:18+00:00","description":"H\u00f4tel*** \u00e0 mi-chemin entre Paris et Marseille, \u00e0 proximit\u00e9 de M\u00e2con, Lyon et de l'A6, soir\u00e9es \u00e9tapes business pour les commerciaux au coeur du Beaujolais.","breadcrumb":{"@id":"https:\/\/moulindesaintverand.fr\/des-espaces-pour-les-enfants\/#breadcrumb"},"inLanguage":"nl-NL","potentialAction":[{"@type":"ReadAction","target":["https:\/\/moulindesaintverand.fr\/des-espaces-pour-les-enfants\/"]}]},{"@type":"ImageObject","inLanguage":"nl-NL","@id":"https:\/\/moulindesaintverand.fr\/des-espaces-pour-les-enfants\/#primaryimage","url":"https:\/\/moulindesaintverand.fr\/wp-content\/uploads\/2022\/03\/Moulin-de-Saint-verand_20220219_121419-1-scaled.jpeg","contentUrl":"https:\/\/moulindesaintverand.fr\/wp-content\/uploads\/2022\/03\/Moulin-de-Saint-verand_20220219_121419-1-scaled.jpeg","width":2560,"height":1211},{"@type":"BreadcrumbList","@id":"https:\/\/moulindesaintverand.fr\/des-espaces-pour-les-enfants\/#breadcrumb","itemListElement":[{"@type":"ListItem","position":1,"name":"Accueil","item":"https:\/\/moulindesaintverand.fr\/"},{"@type":"ListItem","position":2,"name":"Repas de famille"}]},{"@type":"WebSite","@id":"https:\/\/moulindesaintverand.fr\/#website","url":"https:\/\/moulindesaintverand.fr\/","name":"Moulin de Saint V\u00e9rand","description":"H\u00f4tel*** Restaurant - Saint-V\u00e9rand","publisher":{"@id":"https:\/\/moulindesaintverand.fr\/#organization"},"potentialAction":[{"@type":"SearchAction","target":{"@type":"EntryPoint","urlTemplate":"https:\/\/moulindesaintverand.fr\/?s={search_term_string}"},"query-input":{"@type":"PropertyValueSpecification","valueRequired":true,"valueName":"search_term_string"}}],"inLanguage":"nl-NL"},{"@type":"Organization","@id":"https:\/\/moulindesaintverand.fr\/#organization","name":"H\u00f4tel*** Restaurant Moulin de Saint-V\u00e9rand - Soir\u00e9e \u00e9tape commerciaux","url":"https:\/\/moulindesaintverand.fr\/","logo":{"@type":"ImageObject","inLanguage":"nl-NL","@id":"https:\/\/moulindesaintverand.fr\/#\/schema\/logo\/image\/","url":"https:\/\/moulindesaintverand.fr\/wp-content\/uploads\/2020\/05\/cropped-logo-MSV@2x.png","contentUrl":"https:\/\/moulindesaintverand.fr\/wp-content\/uploads\/2020\/05\/cropped-logo-MSV@2x.png","width":714,"height":632,"caption":"H\u00f4tel*** Restaurant Moulin de Saint-V\u00e9rand - Soir\u00e9e \u00e9tape commerciaux"},"image":{"@id":"https:\/\/moulindesaintverand.fr\/#\/schema\/logo\/image\/"}}]}},"_links":{"self":[{"href":"https:\/\/moulindesaintverand.fr\/nl\/wp-json\/wp\/v2\/pages\/1329","targetHints":{"allow":["GET"]}}],"collection":[{"href":"https:\/\/moulindesaintverand.fr\/nl\/wp-json\/wp\/v2\/pages"}],"about":[{"href":"https:\/\/moulindesaintverand.fr\/nl\/wp-json\/wp\/v2\/types\/page"}],"author":[{"embeddable":true,"href":"https:\/\/moulindesaintverand.fr\/nl\/wp-json\/wp\/v2\/users\/1"}],"replies":[{"embeddable":true,"href":"https:\/\/moulindesaintverand.fr\/nl\/wp-json\/wp\/v2\/comments?post=1329"}],"version-history":[{"count":14,"href":"https:\/\/moulindesaintverand.fr\/nl\/wp-json\/wp\/v2\/pages\/1329\/revisions"}],"predecessor-version":[{"id":1451,"href":"https:\/\/moulindesaintverand.fr\/nl\/wp-json\/wp\/v2\/pages\/1329\/revisions\/1451"}],"wp:featuredmedia":[{"embeddable":true,"href":"https:\/\/moulindesaintverand.fr\/nl\/wp-json\/wp\/v2\/media\/1421"}],"wp:attachment":[{"href":"https:\/\/moulindesaintverand.fr\/nl\/wp-json\/wp\/v2\/media?parent=1329"}],"wp:term":[{"taxonomy":"post_tag","embeddable":true,"href":"https:\/\/moulindesaintverand.fr\/nl\/wp-json\/wp\/v2\/tags?post=1329"}],"curies":[{"name":"wp","href":"https:\/\/api.w.org\/{rel}","templated":true}]}}