{"id":1340,"date":"2022-02-23T15:01:44","date_gmt":"2022-02-23T14:01:44","guid":{"rendered":"https:\/\/moulindesaintverand.fr\/?page_id=1340"},"modified":"2024-01-26T09:04:41","modified_gmt":"2024-01-26T08:04:41","slug":"salle-de-reunion-seminaire","status":"publish","type":"page","link":"https:\/\/moulindesaintverand.fr\/nl\/salle-de-reunion-seminaire\/","title":{"rendered":"Salle de r\u00e9union \/ s\u00e9minaire"},"content":{"rendered":"<p>Pour une r\u00e9union de courte dur\u00e9e ou un s\u00e9minaire plus dense, le Moulin de Saint V\u00e9rand met \u00e0 la disposition des entreprises un espace d\u00e9di\u00e9. <\/p>\n\n\n\n<p><br>Ancienne grange \u00e0 grains du Moulin d&rsquo;origine, cette salle de r\u00e9union peut accueillir jusqu&rsquo;\u00e0 20 personnes selon la configuration : en carr\u00e9, en \u00ab\u00a0U\u00a0\u00bb ou en format \u00ab\u00a0th\u00e9\u00e2tre\u00a0\u00bb.  Wifi, t\u00e9l\u00e9vision grand format pour les projections -connexion HDMI-, paper board,&#8230;elle est \u00e9quip\u00e9e pour r\u00e9pondre aux besoins de votre \u00e9v\u00e8nement.<\/p>\n\n\n\n<p><br>Natalie et Christophe proposent une formule d&rsquo;accueil &#8211; caf\u00e9, th\u00e9, eau, viennoiseries-, le d\u00e9jeuner et le diner si le format de votre \u00e9v\u00e8nement le permet.<\/p>\n\n\n\n<figure class=\"wp-block-gallery columns-3 is-cropped wp-block-gallery-1 is-layout-flex wp-block-gallery-is-layout-flex\"><ul class=\"blocks-gallery-grid\"><li class=\"blocks-gallery-item\"><figure><img loading=\"lazy\" decoding=\"async\" width=\"1024\" height=\"631\" src=\"https:\/\/moulindesaintverand.fr\/wp-content\/uploads\/2022\/02\/MSV_se\u0301minaire1-1024x631.jpg\" alt=\"\" data-id=\"1345\" data-full-url=\"https:\/\/moulindesaintverand.fr\/wp-content\/uploads\/2022\/02\/MSV_se\u0301minaire1.jpg\" data-link=\"https:\/\/moulindesaintverand.fr\/salle-de-reunion-seminaire\/msv_seminaire1\/\" class=\"wp-image-1345\" srcset=\"https:\/\/moulindesaintverand.fr\/wp-content\/uploads\/2022\/02\/MSV_se\u0301minaire1-1024x631.jpg 1024w, https:\/\/moulindesaintverand.fr\/wp-content\/uploads\/2022\/02\/MSV_se\u0301minaire1-300x185.jpg 300w, https:\/\/moulindesaintverand.fr\/wp-content\/uploads\/2022\/02\/MSV_se\u0301minaire1-768x473.jpg 768w, https:\/\/moulindesaintverand.fr\/wp-content\/uploads\/2022\/02\/MSV_se\u0301minaire1-1536x946.jpg 1536w, https:\/\/moulindesaintverand.fr\/wp-content\/uploads\/2022\/02\/MSV_se\u0301minaire1-2048x1262.jpg 2048w\" sizes=\"auto, (max-width: 1024px) 100vw, 1024px\" \/><\/figure><\/li><li class=\"blocks-gallery-item\"><figure><img loading=\"lazy\" decoding=\"async\" width=\"1024\" height=\"548\" src=\"https:\/\/moulindesaintverand.fr\/wp-content\/uploads\/2022\/02\/MSV_se\u0301minaire1-e1646129992690-1024x548.jpg\" alt=\"\" data-id=\"1346\" data-full-url=\"https:\/\/moulindesaintverand.fr\/wp-content\/uploads\/2022\/02\/MSV_se\u0301minaire1-e1646129992690.jpg\" data-link=\"https:\/\/moulindesaintverand.fr\/msv_seminaire1-2\/\" class=\"wp-image-1346\" srcset=\"https:\/\/moulindesaintverand.fr\/wp-content\/uploads\/2022\/02\/MSV_se\u0301minaire1-e1646129992690-1024x548.jpg 1024w, https:\/\/moulindesaintverand.fr\/wp-content\/uploads\/2022\/02\/MSV_se\u0301minaire1-e1646129992690-300x161.jpg 300w, https:\/\/moulindesaintverand.fr\/wp-content\/uploads\/2022\/02\/MSV_se\u0301minaire1-e1646129992690-768x411.jpg 768w, https:\/\/moulindesaintverand.fr\/wp-content\/uploads\/2022\/02\/MSV_se\u0301minaire1-e1646129992690-18x10.jpg 18w, https:\/\/moulindesaintverand.fr\/wp-content\/uploads\/2022\/02\/MSV_se\u0301minaire1-e1646129992690.jpg 1198w\" sizes=\"auto, (max-width: 1024px) 100vw, 1024px\" \/><\/figure><\/li><li class=\"blocks-gallery-item\"><figure><img loading=\"lazy\" decoding=\"async\" width=\"1024\" height=\"804\" src=\"https:\/\/moulindesaintverand.fr\/wp-content\/uploads\/2022\/02\/MSV_se\u0301minaire2-e1646129945442-1024x804.jpg\" alt=\"\" data-id=\"1348\" data-full-url=\"https:\/\/moulindesaintverand.fr\/wp-content\/uploads\/2022\/02\/MSV_se\u0301minaire2-e1646129945442.jpg\" data-link=\"https:\/\/moulindesaintverand.fr\/msv_seminaire2-2\/\" class=\"wp-image-1348\" srcset=\"https:\/\/moulindesaintverand.fr\/wp-content\/uploads\/2022\/02\/MSV_se\u0301minaire2-e1646129945442-1024x804.jpg 1024w, https:\/\/moulindesaintverand.fr\/wp-content\/uploads\/2022\/02\/MSV_se\u0301minaire2-e1646129945442-300x236.jpg 300w, https:\/\/moulindesaintverand.fr\/wp-content\/uploads\/2022\/02\/MSV_se\u0301minaire2-e1646129945442-768x603.jpg 768w, https:\/\/moulindesaintverand.fr\/wp-content\/uploads\/2022\/02\/MSV_se\u0301minaire2-e1646129945442-1536x1206.jpg 1536w, https:\/\/moulindesaintverand.fr\/wp-content\/uploads\/2022\/02\/MSV_se\u0301minaire2-e1646129945442-15x12.jpg 15w, https:\/\/moulindesaintverand.fr\/wp-content\/uploads\/2022\/02\/MSV_se\u0301minaire2-e1646129945442.jpg 1628w\" sizes=\"auto, (max-width: 1024px) 100vw, 1024px\" \/><\/figure><\/li><\/ul><\/figure>","protected":false},"excerpt":{"rendered":"<p>Pour une r\u00e9union de courte dur\u00e9e ou un s\u00e9minaire plus dense, le Moulin de Saint V\u00e9rand met \u00e0 la disposition des entreprises un espace d\u00e9di\u00e9. Ancienne grange \u00e0 grains du Moulin d&rsquo;origine, cette salle de r\u00e9union peut accueillir jusqu&rsquo;\u00e0 20 personnes selon la configuration : en carr\u00e9, en \u00ab\u00a0U\u00a0\u00bb ou en format \u00ab\u00a0th\u00e9\u00e2tre\u00a0\u00bb. Wifi, t\u00e9l\u00e9vision [&#8230;]<\/p>\n<p><a class=\"btn btn-secondary understrap-read-more-link\" href=\"https:\/\/moulindesaintverand.fr\/nl\/salle-de-reunion-seminaire\/\">Verder lezen&#8230;<span class=\"screen-reader-text\"> from Salle de r\u00e9union \/ s\u00e9minaire<\/span><\/a><\/p>\n","protected":false},"author":1,"featured_media":1345,"parent":0,"menu_order":1,"comment_status":"closed","ping_status":"closed","template":"templates-pages\/template-side.php","meta":{"_acf_changed":false,"footnotes":""},"tags":[9,7,8],"class_list":["post-1340","page","type-page","status-publish","has-post-thumbnail","hentry","tag-telephone","tag-tv","tag-wifi"],"acf":[],"yoast_head":"<!-- This site is optimized with the Yoast SEO plugin v27.3 - https:\/\/yoast.com\/product\/yoast-seo-wordpress\/ -->\n<title>Salle de r\u00e9union \/ s\u00e9minaire - Moulin de Saint V\u00e9rand<\/title>\n<meta name=\"description\" content=\"H\u00f4tel*** \u00e0 mi-chemin entre Paris et Marseille, \u00e0 proximit\u00e9 de M\u00e2con, Lyon et de l&#039;A6, soir\u00e9es \u00e9tapes business pour les commerciaux au coeur du Beaujolais.\" \/>\n<meta name=\"robots\" content=\"index, follow, max-snippet:-1, max-image-preview:large, max-video-preview:-1\" \/>\n<link rel=\"canonical\" href=\"https:\/\/moulindesaintverand.fr\/nl\/salle-de-reunion-seminaire\/\" \/>\n<meta property=\"og:locale\" content=\"nl_NL\" \/>\n<meta property=\"og:type\" content=\"article\" \/>\n<meta property=\"og:title\" content=\"Salle de r\u00e9union \/ s\u00e9minaire - Moulin de Saint V\u00e9rand\" \/>\n<meta property=\"og:description\" content=\"H\u00f4tel*** \u00e0 mi-chemin entre Paris et Marseille, \u00e0 proximit\u00e9 de M\u00e2con, Lyon et de l&#039;A6, soir\u00e9es \u00e9tapes business pour les commerciaux au coeur du Beaujolais.\" \/>\n<meta property=\"og:url\" content=\"https:\/\/moulindesaintverand.fr\/nl\/salle-de-reunion-seminaire\/\" \/>\n<meta property=\"og:site_name\" content=\"Moulin de Saint V\u00e9rand\" \/>\n<meta property=\"article:modified_time\" content=\"2024-01-26T08:04:41+00:00\" \/>\n<meta property=\"og:image\" content=\"https:\/\/moulindesaintverand.fr\/wp-content\/uploads\/2022\/02\/MSV_se\u0301minaire1.jpg\" \/>\n\t<meta property=\"og:image:width\" content=\"2295\" \/>\n\t<meta property=\"og:image:height\" content=\"1414\" \/>\n\t<meta property=\"og:image:type\" content=\"image\/jpeg\" \/>\n<meta name=\"twitter:card\" content=\"summary_large_image\" \/>\n<meta name=\"twitter:label1\" content=\"Verwachte leestijd\" \/>\n\t<meta name=\"twitter:data1\" content=\"2 minuten\" \/>\n<script type=\"application\/ld+json\" class=\"yoast-schema-graph\">{\"@context\":\"https:\\\/\\\/schema.org\",\"@graph\":[{\"@type\":\"WebPage\",\"@id\":\"https:\\\/\\\/moulindesaintverand.fr\\\/salle-de-reunion-seminaire\\\/\",\"url\":\"https:\\\/\\\/moulindesaintverand.fr\\\/salle-de-reunion-seminaire\\\/\",\"name\":\"Salle de r\u00e9union \\\/ s\u00e9minaire - Moulin de Saint V\u00e9rand\",\"isPartOf\":{\"@id\":\"https:\\\/\\\/moulindesaintverand.fr\\\/#website\"},\"primaryImageOfPage\":{\"@id\":\"https:\\\/\\\/moulindesaintverand.fr\\\/salle-de-reunion-seminaire\\\/#primaryimage\"},\"image\":{\"@id\":\"https:\\\/\\\/moulindesaintverand.fr\\\/salle-de-reunion-seminaire\\\/#primaryimage\"},\"thumbnailUrl\":\"https:\\\/\\\/moulindesaintverand.fr\\\/wp-content\\\/uploads\\\/2022\\\/02\\\/MSV_se\u0301minaire1.jpg\",\"datePublished\":\"2022-02-23T14:01:44+00:00\",\"dateModified\":\"2024-01-26T08:04:41+00:00\",\"description\":\"H\u00f4tel*** \u00e0 mi-chemin entre Paris et Marseille, \u00e0 proximit\u00e9 de M\u00e2con, Lyon et de l'A6, soir\u00e9es \u00e9tapes business pour les commerciaux au coeur du Beaujolais.\",\"breadcrumb\":{\"@id\":\"https:\\\/\\\/moulindesaintverand.fr\\\/salle-de-reunion-seminaire\\\/#breadcrumb\"},\"inLanguage\":\"nl-NL\",\"potentialAction\":[{\"@type\":\"ReadAction\",\"target\":[\"https:\\\/\\\/moulindesaintverand.fr\\\/salle-de-reunion-seminaire\\\/\"]}]},{\"@type\":\"ImageObject\",\"inLanguage\":\"nl-NL\",\"@id\":\"https:\\\/\\\/moulindesaintverand.fr\\\/salle-de-reunion-seminaire\\\/#primaryimage\",\"url\":\"https:\\\/\\\/moulindesaintverand.fr\\\/wp-content\\\/uploads\\\/2022\\\/02\\\/MSV_se\u0301minaire1.jpg\",\"contentUrl\":\"https:\\\/\\\/moulindesaintverand.fr\\\/wp-content\\\/uploads\\\/2022\\\/02\\\/MSV_se\u0301minaire1.jpg\",\"width\":2295,\"height\":1414},{\"@type\":\"BreadcrumbList\",\"@id\":\"https:\\\/\\\/moulindesaintverand.fr\\\/salle-de-reunion-seminaire\\\/#breadcrumb\",\"itemListElement\":[{\"@type\":\"ListItem\",\"position\":1,\"name\":\"Accueil\",\"item\":\"https:\\\/\\\/moulindesaintverand.fr\\\/\"},{\"@type\":\"ListItem\",\"position\":2,\"name\":\"Salle de r\u00e9union \\\/ s\u00e9minaire\"}]},{\"@type\":\"WebSite\",\"@id\":\"https:\\\/\\\/moulindesaintverand.fr\\\/#website\",\"url\":\"https:\\\/\\\/moulindesaintverand.fr\\\/\",\"name\":\"Moulin de Saint V\u00e9rand\",\"description\":\"H\u00f4tel*** Restaurant - Saint-V\u00e9rand\",\"publisher\":{\"@id\":\"https:\\\/\\\/moulindesaintverand.fr\\\/#organization\"},\"potentialAction\":[{\"@type\":\"SearchAction\",\"target\":{\"@type\":\"EntryPoint\",\"urlTemplate\":\"https:\\\/\\\/moulindesaintverand.fr\\\/?s={search_term_string}\"},\"query-input\":{\"@type\":\"PropertyValueSpecification\",\"valueRequired\":true,\"valueName\":\"search_term_string\"}}],\"inLanguage\":\"nl-NL\"},{\"@type\":\"Organization\",\"@id\":\"https:\\\/\\\/moulindesaintverand.fr\\\/#organization\",\"name\":\"H\u00f4tel*** Restaurant Moulin de Saint-V\u00e9rand - Soir\u00e9e \u00e9tape commerciaux\",\"url\":\"https:\\\/\\\/moulindesaintverand.fr\\\/\",\"logo\":{\"@type\":\"ImageObject\",\"inLanguage\":\"nl-NL\",\"@id\":\"https:\\\/\\\/moulindesaintverand.fr\\\/#\\\/schema\\\/logo\\\/image\\\/\",\"url\":\"https:\\\/\\\/moulindesaintverand.fr\\\/wp-content\\\/uploads\\\/2020\\\/05\\\/cropped-logo-MSV@2x.png\",\"contentUrl\":\"https:\\\/\\\/moulindesaintverand.fr\\\/wp-content\\\/uploads\\\/2020\\\/05\\\/cropped-logo-MSV@2x.png\",\"width\":714,\"height\":632,\"caption\":\"H\u00f4tel*** Restaurant Moulin de Saint-V\u00e9rand - Soir\u00e9e \u00e9tape commerciaux\"},\"image\":{\"@id\":\"https:\\\/\\\/moulindesaintverand.fr\\\/#\\\/schema\\\/logo\\\/image\\\/\"}}]}<\/script>\n<!-- \/ Yoast SEO plugin. -->","yoast_head_json":{"title":"Salle de r\u00e9union \/ s\u00e9minaire - Moulin de Saint V\u00e9rand","description":"H\u00f4tel*** \u00e0 mi-chemin entre Paris et Marseille, \u00e0 proximit\u00e9 de M\u00e2con, Lyon et de l'A6, soir\u00e9es \u00e9tapes business pour les commerciaux au coeur du Beaujolais.","robots":{"index":"index","follow":"follow","max-snippet":"max-snippet:-1","max-image-preview":"max-image-preview:large","max-video-preview":"max-video-preview:-1"},"canonical":"https:\/\/moulindesaintverand.fr\/nl\/salle-de-reunion-seminaire\/","og_locale":"nl_NL","og_type":"article","og_title":"Salle de r\u00e9union \/ s\u00e9minaire - Moulin de Saint V\u00e9rand","og_description":"H\u00f4tel*** \u00e0 mi-chemin entre Paris et Marseille, \u00e0 proximit\u00e9 de M\u00e2con, Lyon et de l'A6, soir\u00e9es \u00e9tapes business pour les commerciaux au coeur du Beaujolais.","og_url":"https:\/\/moulindesaintverand.fr\/nl\/salle-de-reunion-seminaire\/","og_site_name":"Moulin de Saint V\u00e9rand","article_modified_time":"2024-01-26T08:04:41+00:00","og_image":[{"width":2295,"height":1414,"url":"https:\/\/moulindesaintverand.fr\/wp-content\/uploads\/2022\/02\/MSV_se\u0301minaire1.jpg","type":"image\/jpeg"}],"twitter_card":"summary_large_image","twitter_misc":{"Verwachte leestijd":"2 minuten"},"schema":{"@context":"https:\/\/schema.org","@graph":[{"@type":"WebPage","@id":"https:\/\/moulindesaintverand.fr\/salle-de-reunion-seminaire\/","url":"https:\/\/moulindesaintverand.fr\/salle-de-reunion-seminaire\/","name":"Salle de r\u00e9union \/ s\u00e9minaire - Moulin de Saint V\u00e9rand","isPartOf":{"@id":"https:\/\/moulindesaintverand.fr\/#website"},"primaryImageOfPage":{"@id":"https:\/\/moulindesaintverand.fr\/salle-de-reunion-seminaire\/#primaryimage"},"image":{"@id":"https:\/\/moulindesaintverand.fr\/salle-de-reunion-seminaire\/#primaryimage"},"thumbnailUrl":"https:\/\/moulindesaintverand.fr\/wp-content\/uploads\/2022\/02\/MSV_se\u0301minaire1.jpg","datePublished":"2022-02-23T14:01:44+00:00","dateModified":"2024-01-26T08:04:41+00:00","description":"H\u00f4tel*** \u00e0 mi-chemin entre Paris et Marseille, \u00e0 proximit\u00e9 de M\u00e2con, Lyon et de l'A6, soir\u00e9es \u00e9tapes business pour les commerciaux au coeur du Beaujolais.","breadcrumb":{"@id":"https:\/\/moulindesaintverand.fr\/salle-de-reunion-seminaire\/#breadcrumb"},"inLanguage":"nl-NL","potentialAction":[{"@type":"ReadAction","target":["https:\/\/moulindesaintverand.fr\/salle-de-reunion-seminaire\/"]}]},{"@type":"ImageObject","inLanguage":"nl-NL","@id":"https:\/\/moulindesaintverand.fr\/salle-de-reunion-seminaire\/#primaryimage","url":"https:\/\/moulindesaintverand.fr\/wp-content\/uploads\/2022\/02\/MSV_se\u0301minaire1.jpg","contentUrl":"https:\/\/moulindesaintverand.fr\/wp-content\/uploads\/2022\/02\/MSV_se\u0301minaire1.jpg","width":2295,"height":1414},{"@type":"BreadcrumbList","@id":"https:\/\/moulindesaintverand.fr\/salle-de-reunion-seminaire\/#breadcrumb","itemListElement":[{"@type":"ListItem","position":1,"name":"Accueil","item":"https:\/\/moulindesaintverand.fr\/"},{"@type":"ListItem","position":2,"name":"Salle de r\u00e9union \/ s\u00e9minaire"}]},{"@type":"WebSite","@id":"https:\/\/moulindesaintverand.fr\/#website","url":"https:\/\/moulindesaintverand.fr\/","name":"Moulin de Saint V\u00e9rand","description":"H\u00f4tel*** Restaurant - Saint-V\u00e9rand","publisher":{"@id":"https:\/\/moulindesaintverand.fr\/#organization"},"potentialAction":[{"@type":"SearchAction","target":{"@type":"EntryPoint","urlTemplate":"https:\/\/moulindesaintverand.fr\/?s={search_term_string}"},"query-input":{"@type":"PropertyValueSpecification","valueRequired":true,"valueName":"search_term_string"}}],"inLanguage":"nl-NL"},{"@type":"Organization","@id":"https:\/\/moulindesaintverand.fr\/#organization","name":"H\u00f4tel*** Restaurant Moulin de Saint-V\u00e9rand - Soir\u00e9e \u00e9tape commerciaux","url":"https:\/\/moulindesaintverand.fr\/","logo":{"@type":"ImageObject","inLanguage":"nl-NL","@id":"https:\/\/moulindesaintverand.fr\/#\/schema\/logo\/image\/","url":"https:\/\/moulindesaintverand.fr\/wp-content\/uploads\/2020\/05\/cropped-logo-MSV@2x.png","contentUrl":"https:\/\/moulindesaintverand.fr\/wp-content\/uploads\/2020\/05\/cropped-logo-MSV@2x.png","width":714,"height":632,"caption":"H\u00f4tel*** Restaurant Moulin de Saint-V\u00e9rand - Soir\u00e9e \u00e9tape commerciaux"},"image":{"@id":"https:\/\/moulindesaintverand.fr\/#\/schema\/logo\/image\/"}}]}},"_links":{"self":[{"href":"https:\/\/moulindesaintverand.fr\/nl\/wp-json\/wp\/v2\/pages\/1340","targetHints":{"allow":["GET"]}}],"collection":[{"href":"https:\/\/moulindesaintverand.fr\/nl\/wp-json\/wp\/v2\/pages"}],"about":[{"href":"https:\/\/moulindesaintverand.fr\/nl\/wp-json\/wp\/v2\/types\/page"}],"author":[{"embeddable":true,"href":"https:\/\/moulindesaintverand.fr\/nl\/wp-json\/wp\/v2\/users\/1"}],"replies":[{"embeddable":true,"href":"https:\/\/moulindesaintverand.fr\/nl\/wp-json\/wp\/v2\/comments?post=1340"}],"version-history":[{"count":11,"href":"https:\/\/moulindesaintverand.fr\/nl\/wp-json\/wp\/v2\/pages\/1340\/revisions"}],"predecessor-version":[{"id":1981,"href":"https:\/\/moulindesaintverand.fr\/nl\/wp-json\/wp\/v2\/pages\/1340\/revisions\/1981"}],"wp:featuredmedia":[{"embeddable":true,"href":"https:\/\/moulindesaintverand.fr\/nl\/wp-json\/wp\/v2\/media\/1345"}],"wp:attachment":[{"href":"https:\/\/moulindesaintverand.fr\/nl\/wp-json\/wp\/v2\/media?parent=1340"}],"wp:term":[{"taxonomy":"post_tag","embeddable":true,"href":"https:\/\/moulindesaintverand.fr\/nl\/wp-json\/wp\/v2\/tags?post=1340"}],"curies":[{"name":"wp","href":"https:\/\/api.w.org\/{rel}","templated":true}]}}